{"id":29426,"date":"2025-07-07T11:40:09","date_gmt":"2025-07-07T14:40:09","guid":{"rendered":"https:\/\/tce.pb.gov.br\/portalprimeirainfancia\/?page_id=29426"},"modified":"2026-02-03T11:34:28","modified_gmt":"2026-02-03T14:34:28","slug":"cursos","status":"publish","type":"page","link":"https:\/\/tce.pb.gov.br\/portalprimeirainfancia\/cursos\/","title":{"rendered":"Cursos"},"content":{"rendered":"\t\t<div data-elementor-type=\"wp-page\" data-elementor-id=\"29426\" class=\"elementor elementor-29426\">\n\t\t\t\t<div class=\"elementor-element elementor-element-772cd40 e-flex e-con-boxed e-con e-parent\" data-id=\"772cd40\" data-element_type=\"container\">\n\t\t\t\t\t<div class=\"e-con-inner\">\n\t\t\t\t<div class=\"elementor-element elementor-element-b067960 elementor-widget elementor-widget-heading\" data-id=\"b067960\" data-element_type=\"widget\" data-widget_type=\"heading.default\">\n\t\t\t\t<div class=\"elementor-widget-container\">\n\t\t\t\t\t<h2 class=\"elementor-heading-title elementor-size-default\">Cursos de capacita\u00e7\u00e3o<\/h2>\t\t\t\t<\/div>\n\t\t\t\t<\/div>\n\t\t\t\t\t<\/div>\n\t\t\t\t<\/div>\n\t\t<div class=\"elementor-element elementor-element-c893f7d e-flex e-con-boxed e-con e-parent\" data-id=\"c893f7d\" data-element_type=\"container\">\n\t\t\t\t\t<div class=\"e-con-inner\">\n\t\t\t\t<div class=\"elementor-element elementor-element-d215e28 elementor-widget elementor-widget-heading\" data-id=\"d215e28\" data-element_type=\"widget\" data-widget_type=\"heading.default\">\n\t\t\t\t<div class=\"elementor-widget-container\">\n\t\t\t\t\t<h2 class=\"elementor-heading-title elementor-size-default\">Realizados<\/h2>\t\t\t\t<\/div>\n\t\t\t\t<\/div>\n\t\t\t\t\t<\/div>\n\t\t\t\t<\/div>\n\t\t<div class=\"elementor-element elementor-element-12b82f9 e-flex e-con-boxed e-con e-parent\" data-id=\"12b82f9\" data-element_type=\"container\" data-settings=\"{&quot;background_background&quot;:&quot;classic&quot;}\">\n\t\t\t\t\t<div class=\"e-con-inner\">\n\t\t<div class=\"elementor-element elementor-element-05d46d9 e-grid e-con-full e-con e-child\" data-id=\"05d46d9\" data-element_type=\"container\" data-settings=\"{&quot;background_background&quot;:&quot;classic&quot;}\">\n\t\t\t\t<div class=\"elementor-element elementor-element-da99259 elementor-widget elementor-widget-image\" data-id=\"da99259\" data-element_type=\"widget\" data-widget_type=\"image.default\">\n\t\t\t\t<div class=\"elementor-widget-container\">\n\t\t\t\t\t\t\t\t\t\t\t\t\t\t\t<img fetchpriority=\"high\" decoding=\"async\" width=\"1024\" height=\"683\" src=\"https:\/\/tce.pb.gov.br\/portalprimeirainfancia\/wp-content\/uploads\/2025\/07\/LDO-Primeira-Infancia-MAT-1024x683.jpg\" class=\"attachment-large size-large wp-image-29433\" alt=\"\" srcset=\"https:\/\/tce.pb.gov.br\/portalprimeirainfancia\/wp-content\/uploads\/2025\/07\/LDO-Primeira-Infancia-MAT-1024x683.jpg 1024w, https:\/\/tce.pb.gov.br\/portalprimeirainfancia\/wp-content\/uploads\/2025\/07\/LDO-Primeira-Infancia-MAT-300x200.jpg 300w, https:\/\/tce.pb.gov.br\/portalprimeirainfancia\/wp-content\/uploads\/2025\/07\/LDO-Primeira-Infancia-MAT-768x512.jpg 768w, https:\/\/tce.pb.gov.br\/portalprimeirainfancia\/wp-content\/uploads\/2025\/07\/LDO-Primeira-Infancia-MAT-1536x1024.jpg 1536w, https:\/\/tce.pb.gov.br\/portalprimeirainfancia\/wp-content\/uploads\/2025\/07\/LDO-Primeira-Infancia-MAT.jpg 1920w\" sizes=\"(max-width: 1024px) 100vw, 1024px\" \/>\t\t\t\t\t\t\t\t\t\t\t\t\t\t\t<\/div>\n\t\t\t\t<\/div>\n\t\t\t\t<div class=\"elementor-element elementor-element-79e2e87 elementor-widget elementor-widget-text-editor\" data-id=\"79e2e87\" data-element_type=\"widget\" data-widget_type=\"text-editor.default\">\n\t\t\t\t<div class=\"elementor-widget-container\">\n\t\t\t\t\t\t\t\t\t<p>&#8220;Primeira Inf\u00e2ncia no contexto da Lei de Diretrizes Or\u00e7ament\u00e1rias (LDO)&#8221; &#8211; Capacita\u00e7\u00e3o com o objetivo de debater a import\u00e2ncia de incluir a primeira inf\u00e2ncia no planejamento or\u00e7ament\u00e1rio das cidades. A proposta do ciclo \u00e9 fortalecer a compreens\u00e3o sobre o tema e fomentar a avalia\u00e7\u00e3o das pol\u00edticas p\u00fablicas relacionadas \u00e0 primeira inf\u00e2ncia.<\/p><p>Datas de realiza\u00e7\u00e3o: 25 a 27 de mar\u00e7o de 2025<\/p><p>Material dispon\u00edvel para download:<\/p><ul><li><a href=\"\/portalprimeirainfancia\/wp-content\/uploads\/2025\/08\/PrimeiraInfanciaNaLDO_final.pdf\" target=\"_blank\" rel=\"noopener\">Apresenta\u00e7\u00e3o Primeira Inf\u00e2ncia no Contexto da LDO<\/a><\/li><\/ul>\t\t\t\t\t\t\t\t<\/div>\n\t\t\t\t<\/div>\n\t\t\t\t<div class=\"elementor-element elementor-element-fc7d9fc elementor-widget elementor-widget-image\" data-id=\"fc7d9fc\" data-element_type=\"widget\" data-widget_type=\"image.default\">\n\t\t\t\t<div class=\"elementor-widget-container\">\n\t\t\t\t\t\t\t\t\t\t\t\t\t\t\t<img decoding=\"async\" width=\"1024\" height=\"576\" src=\"https:\/\/tce.pb.gov.br\/portalprimeirainfancia\/wp-content\/uploads\/2025\/07\/Curso-PPA-e-LOA-1024x576.jpg\" class=\"attachment-large size-large wp-image-29434\" alt=\"\" srcset=\"https:\/\/tce.pb.gov.br\/portalprimeirainfancia\/wp-content\/uploads\/2025\/07\/Curso-PPA-e-LOA-1024x576.jpg 1024w, https:\/\/tce.pb.gov.br\/portalprimeirainfancia\/wp-content\/uploads\/2025\/07\/Curso-PPA-e-LOA-300x169.jpg 300w, https:\/\/tce.pb.gov.br\/portalprimeirainfancia\/wp-content\/uploads\/2025\/07\/Curso-PPA-e-LOA-768x432.jpg 768w, https:\/\/tce.pb.gov.br\/portalprimeirainfancia\/wp-content\/uploads\/2025\/07\/Curso-PPA-e-LOA-1536x864.jpg 1536w, https:\/\/tce.pb.gov.br\/portalprimeirainfancia\/wp-content\/uploads\/2025\/07\/Curso-PPA-e-LOA.jpg 1920w\" sizes=\"(max-width: 1024px) 100vw, 1024px\" \/>\t\t\t\t\t\t\t\t\t\t\t\t\t\t\t<\/div>\n\t\t\t\t<\/div>\n\t\t\t\t<div class=\"elementor-element elementor-element-25dcde9 elementor-widget elementor-widget-text-editor\" data-id=\"25dcde9\" data-element_type=\"widget\" data-widget_type=\"text-editor.default\">\n\t\t\t\t<div class=\"elementor-widget-container\">\n\t\t\t\t\t\t\t\t\t<p>&#8220;Treinamento Plano Plurianual (PPA) e a Lei Or\u00e7ament\u00e1ria Anual (LOA), com foco na formula\u00e7\u00e3o de pol\u00edticas p\u00fablicas voltadas \u00e0 primeira inf\u00e2ncia&#8221; &#8211; Abordagem sobre os\u00a0 aspectos pr\u00e1ticos da gest\u00e3o or\u00e7ament\u00e1ria com foco social. Acesso \u00e0 Matriz de Planejamento da Auditoria Operacional sobre a Primeira Inf\u00e2ncia \u2014 ferramenta estrat\u00e9gica para planejamento, monitoramento e aprimoramento de a\u00e7\u00f5es voltadas \u00e0 inf\u00e2ncia.<\/p><p>Datas de realiza\u00e7\u00e3o: 13 de maio a 13 de junho de 2025<\/p><p>Material dispon\u00edvel para download:<\/p><ul><li><a href=\"\/portalprimeirainfancia\/wp-content\/uploads\/2025\/08\/PPA-LOA_PrimeiraInfancia_final.pdf\" target=\"_blank\" rel=\"noopener\">Apresenta\u00e7\u00e3o Treinamentos PPA e LOA<\/a><\/li><\/ul>\t\t\t\t\t\t\t\t<\/div>\n\t\t\t\t<\/div>\n\t\t\t\t<div class=\"elementor-element elementor-element-47aa5eb elementor-widget elementor-widget-image\" data-id=\"47aa5eb\" data-element_type=\"widget\" data-widget_type=\"image.default\">\n\t\t\t\t<div class=\"elementor-widget-container\">\n\t\t\t\t\t\t\t\t\t\t\t\t\t\t\t<img decoding=\"async\" width=\"1024\" height=\"682\" src=\"https:\/\/tce.pb.gov.br\/portalprimeirainfancia\/wp-content\/uploads\/2025\/07\/image-2.png\" class=\"attachment-large size-large wp-image-29422\" alt=\"\" srcset=\"https:\/\/tce.pb.gov.br\/portalprimeirainfancia\/wp-content\/uploads\/2025\/07\/image-2.png 1024w, https:\/\/tce.pb.gov.br\/portalprimeirainfancia\/wp-content\/uploads\/2025\/07\/image-2-300x200.png 300w, https:\/\/tce.pb.gov.br\/portalprimeirainfancia\/wp-content\/uploads\/2025\/07\/image-2-768x512.png 768w\" sizes=\"(max-width: 1024px) 100vw, 1024px\" \/>\t\t\t\t\t\t\t\t\t\t\t\t\t\t\t<\/div>\n\t\t\t\t<\/div>\n\t\t\t\t<div class=\"elementor-element elementor-element-aa8009c elementor-widget elementor-widget-text-editor\" data-id=\"aa8009c\" data-element_type=\"widget\" data-widget_type=\"text-editor.default\">\n\t\t\t\t<div class=\"elementor-widget-container\">\n\t\t\t\t\t\t\t\t\t<p>&#8220;Elabora\u00e7\u00e3o ou Aprimoramento de Planos Municipais para a Primeira Inf\u00e2ncia&#8221; &#8211; Voltado a agentes p\u00fablicos respons\u00e1veis pelo planejamento, formula\u00e7\u00e3o e execu\u00e7\u00e3o de pol\u00edticas p\u00fablicas voltadas \u00e0 inf\u00e2ncia,&nbsp; a iniciativa integra a agenda de capacita\u00e7\u00f5es institucionais do Tribunal, com foco na valoriza\u00e7\u00e3o da primeira inf\u00e2ncia e no fortalecimento da gest\u00e3o p\u00fablica municipal.<\/p>\n<p>Datas de realiza\u00e7\u00e3o: 15 de julho a 19 de agosto de 2025<\/p>\t\t\t\t\t\t\t\t<\/div>\n\t\t\t\t<\/div>\n\t\t\t\t<\/div>\n\t\t\t\t\t<\/div>\n\t\t\t\t<\/div>\n\t\t\t\t<\/div>\n\t\t","protected":false},"excerpt":{"rendered":"<p>Cursos de capacita\u00e7\u00e3o Realizados &#8220;Primeira Inf\u00e2ncia no contexto da Lei de Diretrizes Or\u00e7ament\u00e1rias (LDO)&#8221; &#8211; Capacita\u00e7\u00e3o com o objetivo de [&hellip;]<\/p>\n","protected":false},"author":6,"featured_media":0,"parent":0,"menu_order":0,"comment_status":"closed","ping_status":"closed","template":"","meta":{"site-sidebar-layout":"default","site-content-layout":"","ast-site-content-layout":"","site-content-style":"default","site-sidebar-style":"default","ast-global-header-display":"","ast-banner-title-visibility":"","ast-main-header-display":"","ast-hfb-above-header-display":"","ast-hfb-below-header-display":"","ast-hfb-mobile-header-display":"","site-post-title":"","ast-breadcrumbs-content":"","ast-featured-img":"","footer-sml-layout":"","theme-transparent-header-meta":"","adv-header-id-meta":"","stick-header-meta":"","header-above-stick-meta":"","header-main-stick-meta":"","header-below-stick-meta":"","astra-migrate-meta-layouts":"default","ast-page-background-enabled":"default","ast-page-background-meta":{"desktop":{"background-color":"var(--ast-global-color-5)","background-image":"","background-repeat":"repeat","background-position":"center center","background-size":"auto","background-attachment":"scroll","background-type":"","background-media":"","overlay-type":"","overlay-color":"","overlay-opacity":"","overlay-gradient":""},"tablet":{"background-color":"","background-image":"","background-repeat":"repeat","background-position":"center center","background-size":"auto","background-attachment":"scroll","background-type":"","background-media":"","overlay-type":"","overlay-color":"","overlay-opacity":"","overlay-gradient":""},"mobile":{"background-color":"","background-image":"","background-repeat":"repeat","background-position":"center center","background-size":"auto","background-attachment":"scroll","background-type":"","background-media":"","overlay-type":"","overlay-color":"","overlay-opacity":"","overlay-gradient":""}},"ast-content-background-meta":{"desktop":{"background-color":"var(--ast-global-color-4)","background-image":"","background-repeat":"repeat","background-position":"center center","background-size":"auto","background-attachment":"scroll","background-type":"","background-media":"","overlay-type":"","overlay-color":"","overlay-opacity":"","overlay-gradient":""},"tablet":{"background-color":"var(--ast-global-color-4)","background-image":"","background-repeat":"repeat","background-position":"center center","background-size":"auto","background-attachment":"scroll","background-type":"","background-media":"","overlay-type":"","overlay-color":"","overlay-opacity":"","overlay-gradient":""},"mobile":{"background-color":"var(--ast-global-color-4)","background-image":"","background-repeat":"repeat","background-position":"center center","background-size":"auto","background-attachment":"scroll","background-type":"","background-media":"","overlay-type":"","overlay-color":"","overlay-opacity":"","overlay-gradient":""}},"footnotes":""},"class_list":["post-29426","page","type-page","status-publish","hentry"],"yoast_head":"<!-- This site is optimized with the Yoast SEO plugin v27.5 - https:\/\/yoast.com\/product\/yoast-seo-wordpress\/ -->\n<title>Cursos - Pacto Paraibano pela Primeira Inf\u00e2ncia<\/title>\n<meta name=\"description\" content=\"Galeria de fotos das atividades relacionadas ao Pacto Paraibano pela Primeira Inf\u00e2ncia\" \/>\n<meta name=\"robots\" content=\"index, follow, max-snippet:-1, max-image-preview:large, max-video-preview:-1\" \/>\n<link rel=\"canonical\" href=\"https:\/\/tce.pb.gov.br\/portalprimeirainfancia\/cursos\/\" \/>\n<meta property=\"og:locale\" content=\"pt_BR\" \/>\n<meta property=\"og:type\" content=\"article\" \/>\n<meta property=\"og:title\" content=\"Galeria de Fotos do Pacto Paraibano pela Primeira Inf\u00e2ncia - TCE-PB\" \/>\n<meta property=\"og:description\" content=\"Imagens das atividades relacionadas ao Pacto Paraibano pela Primeira Inf\u00e2ncia, iniciativa do Tribunal de Contas do Estado da Para\u00edba - TCE-PB\" \/>\n<meta property=\"og:url\" content=\"https:\/\/tce.pb.gov.br\/portalprimeirainfancia\/cursos\/\" \/>\n<meta property=\"og:site_name\" content=\"Pacto Paraibano pela Primeira Inf\u00e2ncia\" \/>\n<meta property=\"article:modified_time\" content=\"2026-02-03T14:34:28+00:00\" \/>\n<meta property=\"og:image\" content=\"https:\/\/tce.pb.gov.br\/portalprimeirainfancia\/wp-content\/uploads\/2025\/05\/Fundo-Portal-03.png\" \/>\n\t<meta property=\"og:image:width\" content=\"1920\" \/>\n\t<meta property=\"og:image:height\" content=\"1081\" \/>\n\t<meta property=\"og:image:type\" content=\"image\/png\" \/>\n<meta name=\"twitter:card\" content=\"summary_large_image\" \/>\n<meta name=\"twitter:label1\" content=\"Est. tempo de leitura\" \/>\n\t<meta name=\"twitter:data1\" content=\"2 minutos\" \/>\n<script type=\"application\/ld+json\" class=\"yoast-schema-graph\">{\"@context\":\"https:\\\/\\\/schema.org\",\"@graph\":[{\"@type\":\"WebPage\",\"@id\":\"https:\\\/\\\/tce.pb.gov.br\\\/portalprimeirainfancia\\\/cursos\\\/\",\"url\":\"https:\\\/\\\/tce.pb.gov.br\\\/portalprimeirainfancia\\\/cursos\\\/\",\"name\":\"Cursos - Pacto Paraibano pela Primeira Inf\u00e2ncia\",\"isPartOf\":{\"@id\":\"https:\\\/\\\/tce.pb.gov.br\\\/portalprimeirainfancia\\\/#website\"},\"primaryImageOfPage\":{\"@id\":\"https:\\\/\\\/tce.pb.gov.br\\\/portalprimeirainfancia\\\/cursos\\\/#primaryimage\"},\"image\":{\"@id\":\"https:\\\/\\\/tce.pb.gov.br\\\/portalprimeirainfancia\\\/cursos\\\/#primaryimage\"},\"thumbnailUrl\":\"https:\\\/\\\/tce.pb.gov.br\\\/portalprimeirainfancia\\\/wp-content\\\/uploads\\\/2025\\\/07\\\/LDO-Primeira-Infancia-MAT-1024x683.jpg\",\"datePublished\":\"2025-07-07T14:40:09+00:00\",\"dateModified\":\"2026-02-03T14:34:28+00:00\",\"description\":\"Galeria de fotos das atividades relacionadas ao Pacto Paraibano pela Primeira Inf\u00e2ncia\",\"breadcrumb\":{\"@id\":\"https:\\\/\\\/tce.pb.gov.br\\\/portalprimeirainfancia\\\/cursos\\\/#breadcrumb\"},\"inLanguage\":\"pt-BR\",\"potentialAction\":[{\"@type\":\"ReadAction\",\"target\":[\"https:\\\/\\\/tce.pb.gov.br\\\/portalprimeirainfancia\\\/cursos\\\/\"]}]},{\"@type\":\"ImageObject\",\"inLanguage\":\"pt-BR\",\"@id\":\"https:\\\/\\\/tce.pb.gov.br\\\/portalprimeirainfancia\\\/cursos\\\/#primaryimage\",\"url\":\"https:\\\/\\\/tce.pb.gov.br\\\/portalprimeirainfancia\\\/wp-content\\\/uploads\\\/2025\\\/07\\\/LDO-Primeira-Infancia-MAT.jpg\",\"contentUrl\":\"https:\\\/\\\/tce.pb.gov.br\\\/portalprimeirainfancia\\\/wp-content\\\/uploads\\\/2025\\\/07\\\/LDO-Primeira-Infancia-MAT.jpg\",\"width\":1920,\"height\":1280},{\"@type\":\"BreadcrumbList\",\"@id\":\"https:\\\/\\\/tce.pb.gov.br\\\/portalprimeirainfancia\\\/cursos\\\/#breadcrumb\",\"itemListElement\":[{\"@type\":\"ListItem\",\"position\":1,\"name\":\"In\u00edcio\",\"item\":\"https:\\\/\\\/tce.pb.gov.br\\\/portalprimeirainfancia\\\/\"},{\"@type\":\"ListItem\",\"position\":2,\"name\":\"Cursos\"}]},{\"@type\":\"WebSite\",\"@id\":\"https:\\\/\\\/tce.pb.gov.br\\\/portalprimeirainfancia\\\/#website\",\"url\":\"https:\\\/\\\/tce.pb.gov.br\\\/portalprimeirainfancia\\\/\",\"name\":\"Pacto Paraibano pela Primeira Inf\u00e2ncia\",\"description\":\"Portal para divulga\u00e7\u00e3o do Pacto Paraibano pela Primeira Inf\u00e2ncia\",\"publisher\":{\"@id\":\"https:\\\/\\\/tce.pb.gov.br\\\/portalprimeirainfancia\\\/#organization\"},\"potentialAction\":[{\"@type\":\"SearchAction\",\"target\":{\"@type\":\"EntryPoint\",\"urlTemplate\":\"https:\\\/\\\/tce.pb.gov.br\\\/portalprimeirainfancia\\\/?s={search_term_string}\"},\"query-input\":{\"@type\":\"PropertyValueSpecification\",\"valueRequired\":true,\"valueName\":\"search_term_string\"}}],\"inLanguage\":\"pt-BR\"},{\"@type\":\"Organization\",\"@id\":\"https:\\\/\\\/tce.pb.gov.br\\\/portalprimeirainfancia\\\/#organization\",\"name\":\"Pacto Paraibano pela Primeira Inf\u00e2ncia\",\"alternateName\":\"TCE-PB\",\"url\":\"https:\\\/\\\/tce.pb.gov.br\\\/portalprimeirainfancia\\\/\",\"logo\":{\"@type\":\"ImageObject\",\"inLanguage\":\"pt-BR\",\"@id\":\"https:\\\/\\\/tce.pb.gov.br\\\/portalprimeirainfancia\\\/#\\\/schema\\\/logo\\\/image\\\/\",\"url\":\"https:\\\/\\\/tce.pb.gov.br\\\/portalprimeirainfancia\\\/wp-content\\\/uploads\\\/2025\\\/05\\\/Pacto-Whatsapp.png\",\"contentUrl\":\"https:\\\/\\\/tce.pb.gov.br\\\/portalprimeirainfancia\\\/wp-content\\\/uploads\\\/2025\\\/05\\\/Pacto-Whatsapp.png\",\"width\":427,\"height\":427,\"caption\":\"Pacto Paraibano pela Primeira Inf\u00e2ncia\"},\"image\":{\"@id\":\"https:\\\/\\\/tce.pb.gov.br\\\/portalprimeirainfancia\\\/#\\\/schema\\\/logo\\\/image\\\/\"},\"sameAs\":[\"https:\\\/\\\/www.instagram.com\\\/tcepb\\\/\"]}]}<\/script>\n<!-- \/ Yoast SEO plugin. -->","yoast_head_json":{"title":"Cursos - Pacto Paraibano pela Primeira Inf\u00e2ncia","description":"Galeria de fotos das atividades relacionadas ao Pacto Paraibano pela Primeira Inf\u00e2ncia","robots":{"index":"index","follow":"follow","max-snippet":"max-snippet:-1","max-image-preview":"max-image-preview:large","max-video-preview":"max-video-preview:-1"},"canonical":"https:\/\/tce.pb.gov.br\/portalprimeirainfancia\/cursos\/","og_locale":"pt_BR","og_type":"article","og_title":"Galeria de Fotos do Pacto Paraibano pela Primeira Inf\u00e2ncia - TCE-PB","og_description":"Imagens das atividades relacionadas ao Pacto Paraibano pela Primeira Inf\u00e2ncia, iniciativa do Tribunal de Contas do Estado da Para\u00edba - TCE-PB","og_url":"https:\/\/tce.pb.gov.br\/portalprimeirainfancia\/cursos\/","og_site_name":"Pacto Paraibano pela Primeira Inf\u00e2ncia","article_modified_time":"2026-02-03T14:34:28+00:00","og_image":[{"width":1920,"height":1081,"url":"https:\/\/tce.pb.gov.br\/portalprimeirainfancia\/wp-content\/uploads\/2025\/05\/Fundo-Portal-03.png","type":"image\/png"}],"twitter_card":"summary_large_image","twitter_misc":{"Est. tempo de leitura":"2 minutos"},"schema":{"@context":"https:\/\/schema.org","@graph":[{"@type":"WebPage","@id":"https:\/\/tce.pb.gov.br\/portalprimeirainfancia\/cursos\/","url":"https:\/\/tce.pb.gov.br\/portalprimeirainfancia\/cursos\/","name":"Cursos - Pacto Paraibano pela Primeira Inf\u00e2ncia","isPartOf":{"@id":"https:\/\/tce.pb.gov.br\/portalprimeirainfancia\/#website"},"primaryImageOfPage":{"@id":"https:\/\/tce.pb.gov.br\/portalprimeirainfancia\/cursos\/#primaryimage"},"image":{"@id":"https:\/\/tce.pb.gov.br\/portalprimeirainfancia\/cursos\/#primaryimage"},"thumbnailUrl":"https:\/\/tce.pb.gov.br\/portalprimeirainfancia\/wp-content\/uploads\/2025\/07\/LDO-Primeira-Infancia-MAT-1024x683.jpg","datePublished":"2025-07-07T14:40:09+00:00","dateModified":"2026-02-03T14:34:28+00:00","description":"Galeria de fotos das atividades relacionadas ao Pacto Paraibano pela Primeira Inf\u00e2ncia","breadcrumb":{"@id":"https:\/\/tce.pb.gov.br\/portalprimeirainfancia\/cursos\/#breadcrumb"},"inLanguage":"pt-BR","potentialAction":[{"@type":"ReadAction","target":["https:\/\/tce.pb.gov.br\/portalprimeirainfancia\/cursos\/"]}]},{"@type":"ImageObject","inLanguage":"pt-BR","@id":"https:\/\/tce.pb.gov.br\/portalprimeirainfancia\/cursos\/#primaryimage","url":"https:\/\/tce.pb.gov.br\/portalprimeirainfancia\/wp-content\/uploads\/2025\/07\/LDO-Primeira-Infancia-MAT.jpg","contentUrl":"https:\/\/tce.pb.gov.br\/portalprimeirainfancia\/wp-content\/uploads\/2025\/07\/LDO-Primeira-Infancia-MAT.jpg","width":1920,"height":1280},{"@type":"BreadcrumbList","@id":"https:\/\/tce.pb.gov.br\/portalprimeirainfancia\/cursos\/#breadcrumb","itemListElement":[{"@type":"ListItem","position":1,"name":"In\u00edcio","item":"https:\/\/tce.pb.gov.br\/portalprimeirainfancia\/"},{"@type":"ListItem","position":2,"name":"Cursos"}]},{"@type":"WebSite","@id":"https:\/\/tce.pb.gov.br\/portalprimeirainfancia\/#website","url":"https:\/\/tce.pb.gov.br\/portalprimeirainfancia\/","name":"Pacto Paraibano pela Primeira Inf\u00e2ncia","description":"Portal para divulga\u00e7\u00e3o do Pacto Paraibano pela Primeira Inf\u00e2ncia","publisher":{"@id":"https:\/\/tce.pb.gov.br\/portalprimeirainfancia\/#organization"},"potentialAction":[{"@type":"SearchAction","target":{"@type":"EntryPoint","urlTemplate":"https:\/\/tce.pb.gov.br\/portalprimeirainfancia\/?s={search_term_string}"},"query-input":{"@type":"PropertyValueSpecification","valueRequired":true,"valueName":"search_term_string"}}],"inLanguage":"pt-BR"},{"@type":"Organization","@id":"https:\/\/tce.pb.gov.br\/portalprimeirainfancia\/#organization","name":"Pacto Paraibano pela Primeira Inf\u00e2ncia","alternateName":"TCE-PB","url":"https:\/\/tce.pb.gov.br\/portalprimeirainfancia\/","logo":{"@type":"ImageObject","inLanguage":"pt-BR","@id":"https:\/\/tce.pb.gov.br\/portalprimeirainfancia\/#\/schema\/logo\/image\/","url":"https:\/\/tce.pb.gov.br\/portalprimeirainfancia\/wp-content\/uploads\/2025\/05\/Pacto-Whatsapp.png","contentUrl":"https:\/\/tce.pb.gov.br\/portalprimeirainfancia\/wp-content\/uploads\/2025\/05\/Pacto-Whatsapp.png","width":427,"height":427,"caption":"Pacto Paraibano pela Primeira Inf\u00e2ncia"},"image":{"@id":"https:\/\/tce.pb.gov.br\/portalprimeirainfancia\/#\/schema\/logo\/image\/"},"sameAs":["https:\/\/www.instagram.com\/tcepb\/"]}]}},"jetpack_sharing_enabled":true,"_links":{"self":[{"href":"https:\/\/tce.pb.gov.br\/portalprimeirainfancia\/wp-json\/wp\/v2\/pages\/29426","targetHints":{"allow":["GET"]}}],"collection":[{"href":"https:\/\/tce.pb.gov.br\/portalprimeirainfancia\/wp-json\/wp\/v2\/pages"}],"about":[{"href":"https:\/\/tce.pb.gov.br\/portalprimeirainfancia\/wp-json\/wp\/v2\/types\/page"}],"author":[{"embeddable":true,"href":"https:\/\/tce.pb.gov.br\/portalprimeirainfancia\/wp-json\/wp\/v2\/users\/6"}],"replies":[{"embeddable":true,"href":"https:\/\/tce.pb.gov.br\/portalprimeirainfancia\/wp-json\/wp\/v2\/comments?post=29426"}],"version-history":[{"count":82,"href":"https:\/\/tce.pb.gov.br\/portalprimeirainfancia\/wp-json\/wp\/v2\/pages\/29426\/revisions"}],"predecessor-version":[{"id":29797,"href":"https:\/\/tce.pb.gov.br\/portalprimeirainfancia\/wp-json\/wp\/v2\/pages\/29426\/revisions\/29797"}],"wp:attachment":[{"href":"https:\/\/tce.pb.gov.br\/portalprimeirainfancia\/wp-json\/wp\/v2\/media?parent=29426"}],"curies":[{"name":"wp","href":"https:\/\/api.w.org\/{rel}","templated":true}]}}