{"id":14,"date":"2025-03-28T08:55:22","date_gmt":"2025-03-28T11:55:22","guid":{"rendered":"https:\/\/tce.pb.gov.br\/portalprimeirainfancia\/?page_id=14"},"modified":"2025-07-07T11:34:56","modified_gmt":"2025-07-07T14:34:56","slug":"fotos","status":"publish","type":"page","link":"https:\/\/tce.pb.gov.br\/portalprimeirainfancia\/fotos\/","title":{"rendered":"Galeria"},"content":{"rendered":"\t\t<div data-elementor-type=\"wp-page\" data-elementor-id=\"14\" class=\"elementor elementor-14\">\n\t\t\t\t<div class=\"elementor-element elementor-element-37aa273 e-flex e-con-boxed e-con e-parent\" data-id=\"37aa273\" data-element_type=\"container\">\n\t\t\t\t\t<div class=\"e-con-inner\">\n\t\t\t\t<div class=\"elementor-element elementor-element-96e4eea elementor-widget elementor-widget-bwg-elementor\" data-id=\"96e4eea\" data-element_type=\"widget\" data-widget_type=\"bwg-elementor.default\">\n\t\t\t\t<div class=\"elementor-widget-container\">\n\t\t\t\t\t    <style>\n      .elementor-control-bwg_view_type_shortcode .elementor-control-input-wrapper,\n      .elementor-control-bwg_elementor_shortcode input {\n        visibility: hidden;\n      }\n      .elementor-control-bwg_elementor_shortcode input {\n        height: 0;\n      }\n      .elementor-control a.bwg-shortcode-btn {\n        text-decoration: none;\n        border-bottom:none;\n      }\n    <\/style>\n    <style id=\"bwg-style-0\">    #bwg_container1_0 #bwg_container2_0 .bwg-container-0.bwg-album-thumbnails {    width: 1266px;    justify-content: center;            justify-content: center;        margin:0 auto !important;          background-color: rgba(255, 255, 255, 0.00);          padding-left: 16px;      padding-top: 16px;      max-width: 100%;          }        #bwg_container1_0 #bwg_container2_0 .bwg-container-0.bwg-album-thumbnails .bwg-item {    justify-content: flex-start;    max-width: 250px;        }    #bwg_container1_0 #bwg_container2_0 .bwg-container-0.bwg-album-thumbnails .bwg-item a {      margin-right: 16px;      margin-bottom: 16px;    }    #bwg_container1_0 #bwg_container2_0 .bwg-container-0.bwg-album-thumbnails .bwg-item0 {      padding: 0px;            background-color:rgba(0,0,0, 0.30);      border: 0px none #FFFFFF;      opacity: 1.00;      border-radius: 0;      box-shadow: 0px 0px 0px #888888;    }    #bwg_container1_0 #bwg_container2_0 .bwg-container-0.bwg-album-thumbnails .bwg-item1 img {      max-height: none;      max-width: none;      padding: 0 !important;    }          @media only screen and (min-width: 480px) {      #bwg_container1_0 #bwg_container2_0 .bwg-container-0.bwg-album-thumbnails .bwg-item1 img {      -webkit-transition: all .3s; transition: all .3s;      }      #bwg_container1_0 #bwg_container2_0 .bwg-container-0.bwg-album-thumbnails .bwg-item1 img:hover {        -ms-transform: scale(1.08);        -webkit-transform: scale(1.08);        transform: scale(1.08);      }            }          #bwg_container1_0 #bwg_container2_0 .bwg-container-0.bwg-album-thumbnails .bwg-item1 {      padding-top: 100%;    }        #bwg_container1_0 #bwg_container2_0 .bwg-container-0.bwg-album-thumbnails .bwg-title2 {      color: #38495D;      font-family: Roboto;      font-size: 14px;      font-weight: normal;      padding: 8px 0px 0px 0px;      text-shadow: 0px 0px 0px #888888;      max-height: 100%;    }        #bwg_container1_0 #bwg_container2_0 .bwg-container-0.bwg-standard-thumbnails {      width: 1266px;              justify-content: center;        margin:0 auto !important;              background-color: rgba(255, 255, 255, 0.00);            padding-left: 16px;      padding-top: 16px;      max-width: 100%;            }        #bwg_container1_0 #bwg_container2_0 .bwg-container-0.bwg-standard-thumbnails .bwg-item {    justify-content: flex-start;      max-width: 250px;          }    #bwg_container1_0 #bwg_container2_0 .bwg-container-0.bwg-standard-thumbnails .bwg-item a {       margin-right: 16px;       margin-bottom: 16px;    }    #bwg_container1_0 #bwg_container2_0 .bwg-container-0.bwg-standard-thumbnails .bwg-item0 {      padding: 0px;            background-color:rgba(0,0,0, 0.30);      border: 0px none #FFFFFF;      opacity: 1.00;      border-radius: 0;      box-shadow: 0px 0px 0px #888888;    }    #bwg_container1_0 #bwg_container2_0 .bwg-container-0.bwg-standard-thumbnails .bwg-item1 img {      max-height: none;      max-width: none;      padding: 0 !important;    }         @media only screen and (min-width: 480px) {\t\t#bwg_container1_0 #bwg_container2_0 .bwg-container-0.bwg-standard-thumbnails .bwg-item1 img {\t\t\t-webkit-transition: all .3s; transition: all .3s;\t\t}\t\t#bwg_container1_0 #bwg_container2_0 .bwg-container-0.bwg-standard-thumbnails .bwg-item1 img:hover {\t\t\t-ms-transform: scale(1.08);\t\t\t-webkit-transform: scale(1.08);\t\t\ttransform: scale(1.08);\t\t}\t\t      }\t    #bwg_container1_0 #bwg_container2_0 .bwg-container-0.bwg-standard-thumbnails .bwg-item1 {      padding-top: 56%;    }        #bwg_container1_0 #bwg_container2_0 .bwg-container-0.bwg-standard-thumbnails .bwg-title2,    #bwg_container1_0 #bwg_container2_0 .bwg-container-0.bwg-standard-thumbnails .bwg-ecommerce2 {      color: #38495D;      font-family: Roboto;      font-size: 14px;      font-weight: normal;      padding: 0px 0px 20px 0px;      text-shadow: 0px 0px 0px #888888;      max-height: 100%;    }    #bwg_container1_0 #bwg_container2_0 .bwg-container-0.bwg-standard-thumbnails .bwg-thumb-description span {    color: #323A45;    font-family: Ubuntu;    font-size: 12px;    max-height: 100%;    word-wrap: break-word;    }    #bwg_container1_0 #bwg_container2_0 .bwg-container-0.bwg-standard-thumbnails .bwg-play-icon2 {      font-size: 28px;    }    #bwg_container1_0 #bwg_container2_0 .bwg-container-0.bwg-standard-thumbnails .bwg-ecommerce2 {      font-size: 16.8px;      color: #38495D;    }    <\/style>    <div id=\"bwg_container1_0\"         class=\"bwg_container bwg_thumbnail bwg_album_compact_preview bwg_thumbnail\"         data-right-click-protection=\"0\"         data-bwg=\"0\"         data-scroll=\"0\"         data-gallery-type=\"album_compact_preview\"         data-gallery-view-type=\"thumbnail\"         data-current-url=\"\/portalprimeirainfancia\/wp-json\/wp\/v2\/pages\/14\"         data-lightbox-url=\"https:\/\/tce.pb.gov.br\/portalprimeirainfancia\/wp-admin\/admin-ajax.php?action=GalleryBox&#038;current_view=0&#038;gallery_id=0&#038;tag=0&#038;theme_id=1&#038;shortcode_id=15&#038;sort_by=order&#038;order_by=asc&#038;current_url=%2Fportalprimeirainfancia%2Fwp-json%2Fwp%2Fv2%2Fpages%2F14\"         data-gallery-id=\"0\"         data-popup-width=\"800\"         data-popup-height=\"500\"         data-is-album=\"album\"         data-buttons-position=\"bottom\">      <div id=\"bwg_container2_0\">             <div id=\"ajax_loading_0\" class=\"bwg_loading_div_1\">      <div class=\"bwg_loading_div_2\">        <div class=\"bwg_loading_div_3\">          <div id=\"loading_div_0\" class=\"bwg_spider_ajax_loading\">          <\/div>        <\/div>      <\/div>    <\/div>            <form id=\"gal_front_form_0\"              class=\"bwg-hidden\"              method=\"post\"              action=\"#\"              data-current=\"0\"              data-shortcode-id=\"15\"              data-gallery-type=\"album_compact_preview\"              data-gallery-id=\"0\"              data-tag=\"0\"              data-album-id=\"1\"              data-theme-id=\"1\"              data-ajax-url=\"https:\/\/tce.pb.gov.br\/portalprimeirainfancia\/wp-admin\/admin-ajax.php?action=bwg_frontend_data\">          <div id=\"bwg_container3_0\" class=\"bwg-background bwg-background-0\">            <style>        #bwg_container1_0 #bwg_container2_0 .bwg_gal_title_0 {          display: block;          padding: 0px 2px 40px 2px;          background-color: rgba(0, 0, 0, 0);          line-height: 20px;          font-family: arial;          font-size: 26px;          font-weight: normal;          color: #38495D;          text-shadow: 0px 0px 0px #888888;          text-align: center;        }        #bwg_container1_0 #bwg_container2_0 .bwg_gal_description_0 {          margin: 20px 0;          word-break: break-word;          text-align: justify;          font-size: 23px;          font-weight: unset;        }        <\/style>        <div class=\"bwg_gal_title_0\">Galeria de Fotos<\/div>            <div data-max-count=\"5\"         data-thumbnail-width=\"250\"         data-bwg=\"0\"         id=\"bwg_album_compact_0\"         class=\"bwg-thumbnails bwg-container bwg-container-0 bwg-album-thumbnails bwg_album_thumbnails_0\">              <div class=\"bwg-item\">          <a class=\"bwg-a bwg-album bwg_album_0\"             href='\/portalprimeirainfancia\/wp-json\/wp\/v2\/pages\/14?type_0=gallery&#038;album_gallery_id_0=21'                          data-container_id=\"bwg_album_compact_0\"             data-def_type=\"gallery\"             data-album_gallery_id=\"1\"             data-alb_gal_id=\"21\"             data-title=\"Assinantes do Pacto\"             data-bwg=\"0\">                        <div class=\"bwg-item0 \">              <div class=\"bwg-item1 \">                <div class=\"bwg-item2\">                  <img decoding=\"async\" class=\"skip-lazy \"                       data-width=\"1200.00\"                       data-height=\"800.39\"                       data-src=\"https:\/\/tce.pb.gov.br\/portalprimeirainfancia\/wp-content\/uploads\/photo-gallery\/thumb\/Assinantes-do-Pacto-1024x683.jpg?bwg=1748011503\"                       src=\"https:\/\/tce.pb.gov.br\/portalprimeirainfancia\/wp-content\/uploads\/photo-gallery\/thumb\/Assinantes-do-Pacto-1024x683.jpg?bwg=1748011503\"                       alt=\"Assinantes do Pacto\"                       title=\"Assinantes do Pacto\" \/>                <\/div>                <div class=\"\">                                  <\/div>              <\/div>            <\/div>            <div class=\"bwg-title1\"><div class=\"bwg-title2\">Assinantes do Pacto<\/div><\/div>          <\/a>        <\/div>                <div class=\"bwg-item\">          <a class=\"bwg-a bwg-album bwg_album_0\"             href='\/portalprimeirainfancia\/wp-json\/wp\/v2\/pages\/14?type_0=gallery&#038;album_gallery_id_0=34'                          data-container_id=\"bwg_album_compact_0\"             data-def_type=\"gallery\"             data-album_gallery_id=\"1\"             data-alb_gal_id=\"34\"             data-title=\"10\/04\/26 I Oficina de Boas Pr\u00e1ticas em Primeira Inf\u00e2ncia dos Tribunais de Contas\"             data-bwg=\"0\">                        <div class=\"bwg-item0 \">              <div class=\"bwg-item1 \">                <div class=\"bwg-item2\">                  <img decoding=\"async\" class=\"skip-lazy \"                       data-width=\"1200.00\"                       data-height=\"798.00\"                       data-src=\"https:\/\/tce.pb.gov.br\/portalprimeirainfancia\/wp-content\/uploads\/photo-gallery\/thumb\/DSC_1659.jpg?bwg=1775840783\"                       src=\"https:\/\/tce.pb.gov.br\/portalprimeirainfancia\/wp-content\/uploads\/photo-gallery\/thumb\/DSC_1659.jpg?bwg=1775840783\"                       alt=\"10\/04\/26 I Oficina de Boas Pr\u00e1ticas em Primeira Inf\u00e2ncia dos Tribunais de Contas\"                       title=\"10\/04\/26 I Oficina de Boas Pr\u00e1ticas em Primeira Inf\u00e2ncia dos Tribunais de Contas\" \/>                <\/div>                <div class=\"\">                                  <\/div>              <\/div>            <\/div>            <div class=\"bwg-title1\"><div class=\"bwg-title2\">10\/04\/26 I Oficina de Boas Pr\u00e1ticas em Primeira Inf\u00e2ncia dos Tribunais de Contas<\/div><\/div>          <\/a>        <\/div>                <div class=\"bwg-item\">          <a class=\"bwg-a bwg-album bwg_album_0\"             href='\/portalprimeirainfancia\/wp-json\/wp\/v2\/pages\/14?type_0=gallery&#038;album_gallery_id_0=33'                          data-container_id=\"bwg_album_compact_0\"             data-def_type=\"gallery\"             data-album_gallery_id=\"1\"             data-alb_gal_id=\"33\"             data-title=\"09\/04\/2026 I Oficina de Boas Pr\u00e1ticas em Primeira Inf\u00e2ncia\"             data-bwg=\"0\">                        <div class=\"bwg-item0 \">              <div class=\"bwg-item1 \">                <div class=\"bwg-item2\">                  <img decoding=\"async\" class=\"skip-lazy \"                       data-width=\"1200.00\"                       data-height=\"800.00\"                       data-src=\"https:\/\/tce.pb.gov.br\/portalprimeirainfancia\/wp-content\/uploads\/photo-gallery\/thumb\/MG_8382.jpg?bwg=1775751137\"                       src=\"https:\/\/tce.pb.gov.br\/portalprimeirainfancia\/wp-content\/uploads\/photo-gallery\/thumb\/MG_8382.jpg?bwg=1775751137\"                       alt=\"09\/04\/2026 I Oficina de Boas Pr\u00e1ticas em Primeira Inf\u00e2ncia\"                       title=\"09\/04\/2026 I Oficina de Boas Pr\u00e1ticas em Primeira Inf\u00e2ncia\" \/>                <\/div>                <div class=\"\">                                  <\/div>              <\/div>            <\/div>            <div class=\"bwg-title1\"><div class=\"bwg-title2\">09\/04\/2026 I Oficina de Boas Pr\u00e1ticas em Primeira Inf\u00e2ncia<\/div><\/div>          <\/a>        <\/div>                <div class=\"bwg-item\">          <a class=\"bwg-a bwg-album bwg_album_0\"             href='\/portalprimeirainfancia\/wp-json\/wp\/v2\/pages\/14?type_0=gallery&#038;album_gallery_id_0=32'                          data-container_id=\"bwg_album_compact_0\"             data-def_type=\"gallery\"             data-album_gallery_id=\"1\"             data-alb_gal_id=\"32\"             data-title=\"Reuni\u00e3o Comiss\u00e3o da Primeira Inf\u00e2ncia 26\/02\"             data-bwg=\"0\">                        <div class=\"bwg-item0 \">              <div class=\"bwg-item1 \">                <div class=\"bwg-item2\">                  <img decoding=\"async\" class=\"skip-lazy \"                       data-width=\"1200.00\"                       data-height=\"800.00\"                       data-src=\"https:\/\/tce.pb.gov.br\/portalprimeirainfancia\/wp-content\/uploads\/photo-gallery\/thumb\/MG_5864.jpg?bwg=1772120306\"                       src=\"https:\/\/tce.pb.gov.br\/portalprimeirainfancia\/wp-content\/uploads\/photo-gallery\/thumb\/MG_5864.jpg?bwg=1772120306\"                       alt=\"Reuni\u00e3o Comiss\u00e3o da Primeira Inf\u00e2ncia 26\/02\"                       title=\"Reuni\u00e3o Comiss\u00e3o da Primeira Inf\u00e2ncia 26\/02\" \/>                <\/div>                <div class=\"\">                                  <\/div>              <\/div>            <\/div>            <div class=\"bwg-title1\"><div class=\"bwg-title2\">Reuni\u00e3o Comiss\u00e3o da Primeira Inf\u00e2ncia 26\/02<\/div><\/div>          <\/a>        <\/div>                <div class=\"bwg-item\">          <a class=\"bwg-a bwg-album bwg_album_0\"             href='\/portalprimeirainfancia\/wp-json\/wp\/v2\/pages\/14?type_0=gallery&#038;album_gallery_id_0=31'                          data-container_id=\"bwg_album_compact_0\"             data-def_type=\"gallery\"             data-album_gallery_id=\"1\"             data-alb_gal_id=\"31\"             data-title=\"Reuni\u00e3o Comiss\u00e3o Primeira Inf\u00e2ncia com Universidades\"             data-bwg=\"0\">                        <div class=\"bwg-item0 \">              <div class=\"bwg-item1 \">                <div class=\"bwg-item2\">                  <img decoding=\"async\" class=\"skip-lazy \"                       data-width=\"1200.00\"                       data-height=\"800.00\"                       data-src=\"https:\/\/tce.pb.gov.br\/portalprimeirainfancia\/wp-content\/uploads\/photo-gallery\/thumb\/MG_4827.jpg?bwg=1770378764\"                       src=\"https:\/\/tce.pb.gov.br\/portalprimeirainfancia\/wp-content\/uploads\/photo-gallery\/thumb\/MG_4827.jpg?bwg=1770378764\"                       alt=\"Reuni\u00e3o Comiss\u00e3o Primeira Inf\u00e2ncia com Universidades\"                       title=\"Reuni\u00e3o Comiss\u00e3o Primeira Inf\u00e2ncia com Universidades\" \/>                <\/div>                <div class=\"\">                                  <\/div>              <\/div>            <\/div>            <div class=\"bwg-title1\"><div class=\"bwg-title2\">Reuni\u00e3o Comiss\u00e3o Primeira Inf\u00e2ncia com Universidades<\/div><\/div>          <\/a>        <\/div>                <div class=\"bwg-item\">          <a class=\"bwg-a bwg-album bwg_album_0\"             href='\/portalprimeirainfancia\/wp-json\/wp\/v2\/pages\/14?type_0=gallery&#038;album_gallery_id_0=30'                          data-container_id=\"bwg_album_compact_0\"             data-def_type=\"gallery\"             data-album_gallery_id=\"1\"             data-alb_gal_id=\"30\"             data-title=\"Reuni\u00e3o Sindalcool-PB - Financiamento Fundo dos Direitos da Crian\u00e7a e do Adolescente (FDCA\/FIA)\"             data-bwg=\"0\">                        <div class=\"bwg-item0 \">              <div class=\"bwg-item1 \">                <div class=\"bwg-item2\">                  <img decoding=\"async\" class=\"skip-lazy \"                       data-width=\"1200.00\"                       data-height=\"900.00\"                       data-src=\"https:\/\/tce.pb.gov.br\/portalprimeirainfancia\/wp-content\/uploads\/photo-gallery\/thumb\/Reuniao-TCE-PB-1024x768.jpeg?bwg=1769170789\"                       src=\"https:\/\/tce.pb.gov.br\/portalprimeirainfancia\/wp-content\/uploads\/photo-gallery\/thumb\/Reuniao-TCE-PB-1024x768.jpeg?bwg=1769170789\"                       alt=\"Reuni\u00e3o Sindalcool-PB - Financiamento Fundo dos Direitos da Crian\u00e7a e do Adolescente (FDCA\/FIA)\"                       title=\"Reuni\u00e3o Sindalcool-PB - Financiamento Fundo dos Direitos da Crian\u00e7a e do Adolescente (FDCA\/FIA)\" \/>                <\/div>                <div class=\"\">                                  <\/div>              <\/div>            <\/div>            <div class=\"bwg-title1\"><div class=\"bwg-title2\">Reuni\u00e3o Sindalcool-PB - Financiamento Fundo dos Direitos da Crian\u00e7a e do Adolescente (FDCA\/FIA)<\/div><\/div>          <\/a>        <\/div>                <div class=\"bwg-item\">          <a class=\"bwg-a bwg-album bwg_album_0\"             href='\/portalprimeirainfancia\/wp-json\/wp\/v2\/pages\/14?type_0=gallery&#038;album_gallery_id_0=28'                          data-container_id=\"bwg_album_compact_0\"             data-def_type=\"gallery\"             data-album_gallery_id=\"1\"             data-alb_gal_id=\"28\"             data-title=\"Encontro Prefeitos - Assinatura Pacto\"             data-bwg=\"0\">                        <div class=\"bwg-item0 \">              <div class=\"bwg-item1 \">                <div class=\"bwg-item2\">                  <img decoding=\"async\" class=\"skip-lazy \"                       data-width=\"1200.00\"                       data-height=\"800.00\"                       data-src=\"https:\/\/tce.pb.gov.br\/portalprimeirainfancia\/wp-content\/uploads\/photo-gallery\/thumb\/MG_4660.jpg?bwg=1758107332\"                       src=\"https:\/\/tce.pb.gov.br\/portalprimeirainfancia\/wp-content\/uploads\/photo-gallery\/thumb\/MG_4660.jpg?bwg=1758107332\"                       alt=\"Encontro Prefeitos - Assinatura Pacto\"                       title=\"Encontro Prefeitos - Assinatura Pacto\" \/>                <\/div>                <div class=\"\">                                  <\/div>              <\/div>            <\/div>            <div class=\"bwg-title1\"><div class=\"bwg-title2\">Encontro Prefeitos - Assinatura Pacto<\/div><\/div>          <\/a>        <\/div>                <div class=\"bwg-item\">          <a class=\"bwg-a bwg-album bwg_album_0\"             href='\/portalprimeirainfancia\/wp-json\/wp\/v2\/pages\/14?type_0=gallery&#038;album_gallery_id_0=27'                          data-container_id=\"bwg_album_compact_0\"             data-def_type=\"gallery\"             data-album_gallery_id=\"1\"             data-alb_gal_id=\"27\"             data-title=\"Encontro Estadual pela Primeira Inf\u00e2ncia\"             data-bwg=\"0\">                        <div class=\"bwg-item0 \">              <div class=\"bwg-item1 \">                <div class=\"bwg-item2\">                  <img decoding=\"async\" class=\"skip-lazy \"                       data-width=\"1200.00\"                       data-height=\"800.00\"                       data-src=\"https:\/\/tce.pb.gov.br\/portalprimeirainfancia\/wp-content\/uploads\/photo-gallery\/thumb\/Encontro-192.jpg?bwg=1755602388\"                       src=\"https:\/\/tce.pb.gov.br\/portalprimeirainfancia\/wp-content\/uploads\/photo-gallery\/thumb\/Encontro-192.jpg?bwg=1755602388\"                       alt=\"Encontro Estadual pela Primeira Inf\u00e2ncia\"                       title=\"Encontro Estadual pela Primeira Inf\u00e2ncia\" \/>                <\/div>                <div class=\"\">                                  <\/div>              <\/div>            <\/div>            <div class=\"bwg-title1\"><div class=\"bwg-title2\">Encontro Estadual pela Primeira Inf\u00e2ncia<\/div><\/div>          <\/a>        <\/div>                <div class=\"bwg-item\">          <a class=\"bwg-a bwg-album bwg_album_0\"             href='\/portalprimeirainfancia\/wp-json\/wp\/v2\/pages\/14?type_0=gallery&#038;album_gallery_id_0=26'                          data-container_id=\"bwg_album_compact_0\"             data-def_type=\"gallery\"             data-album_gallery_id=\"1\"             data-alb_gal_id=\"26\"             data-title=\"Curso Elabora\u00e7\u00e3o e Aprimoramento de Planos Municipais para Primeira Inf\u00e2ncia - Campina Grande\"             data-bwg=\"0\">                        <div class=\"bwg-item0 \">              <div class=\"bwg-item1 \">                <div class=\"bwg-item2\">                  <img decoding=\"async\" class=\"skip-lazy \"                       data-width=\"1200.00\"                       data-height=\"900.00\"                       data-src=\"https:\/\/tce.pb.gov.br\/portalprimeirainfancia\/wp-content\/uploads\/photo-gallery\/thumb\/WhatsApp-Image-2025-07-22-at-09.46.38-1.jpeg?bwg=1753190407\"                       src=\"https:\/\/tce.pb.gov.br\/portalprimeirainfancia\/wp-content\/uploads\/photo-gallery\/thumb\/WhatsApp-Image-2025-07-22-at-09.46.38-1.jpeg?bwg=1753190407\"                       alt=\"Curso Elabora\u00e7\u00e3o e Aprimoramento de Planos Municipais para Primeira Inf\u00e2ncia - Campina Grande\"                       title=\"Curso Elabora\u00e7\u00e3o e Aprimoramento de Planos Municipais para Primeira Inf\u00e2ncia - Campina Grande\" \/>                <\/div>                <div class=\"\">                                  <\/div>              <\/div>            <\/div>            <div class=\"bwg-title1\"><div class=\"bwg-title2\">Curso Elabora\u00e7\u00e3o e Aprimoramento de Planos Municipais para Primeira Inf\u00e2ncia - Campina Grande<\/div><\/div>          <\/a>        <\/div>                <div class=\"bwg-item\">          <a class=\"bwg-a bwg-album bwg_album_0\"             href='\/portalprimeirainfancia\/wp-json\/wp\/v2\/pages\/14?type_0=gallery&#038;album_gallery_id_0=25'                          data-container_id=\"bwg_album_compact_0\"             data-def_type=\"gallery\"             data-album_gallery_id=\"1\"             data-alb_gal_id=\"25\"             data-title=\"Curso Elabora\u00e7\u00e3o e Aprimoramento de Planos Municipais para Primeira Inf\u00e2ncia - Bananeiras\"             data-bwg=\"0\">                        <div class=\"bwg-item0 \">              <div class=\"bwg-item1 \">                <div class=\"bwg-item2\">                  <img decoding=\"async\" class=\"skip-lazy \"                       data-width=\"900.00\"                       data-height=\"1200.00\"                       data-src=\"https:\/\/tce.pb.gov.br\/portalprimeirainfancia\/wp-content\/uploads\/photo-gallery\/thumb\/WhatsApp-Image-2025-07-17-at-09.51.14-5.jpeg?bwg=1753099955\"                       src=\"https:\/\/tce.pb.gov.br\/portalprimeirainfancia\/wp-content\/uploads\/photo-gallery\/thumb\/WhatsApp-Image-2025-07-17-at-09.51.14-5.jpeg?bwg=1753099955\"                       alt=\"Curso Elabora\u00e7\u00e3o e Aprimoramento de Planos Municipais para Primeira Inf\u00e2ncia - Bananeiras\"                       title=\"Curso Elabora\u00e7\u00e3o e Aprimoramento de Planos Municipais para Primeira Inf\u00e2ncia - Bananeiras\" \/>                <\/div>                <div class=\"\">                                  <\/div>              <\/div>            <\/div>            <div class=\"bwg-title1\"><div class=\"bwg-title2\">Curso Elabora\u00e7\u00e3o e Aprimoramento de Planos Municipais para Primeira Inf\u00e2ncia - Bananeiras<\/div><\/div>          <\/a>        <\/div>                <div class=\"bwg-item\">          <a class=\"bwg-a bwg-album bwg_album_0\"             href='\/portalprimeirainfancia\/wp-json\/wp\/v2\/pages\/14?type_0=gallery&#038;album_gallery_id_0=24'                          data-container_id=\"bwg_album_compact_0\"             data-def_type=\"gallery\"             data-album_gallery_id=\"1\"             data-alb_gal_id=\"24\"             data-title=\"Curso Elabora\u00e7\u00e3o e Aprimoramento de Planos Municipais para Primeira Inf\u00e2ncia - Sum\u00e9\"             data-bwg=\"0\">                        <div class=\"bwg-item0 \">              <div class=\"bwg-item1 \">                <div class=\"bwg-item2\">                  <img decoding=\"async\" class=\"skip-lazy \"                       data-width=\"1200.00\"                       data-height=\"900.00\"                       data-src=\"https:\/\/tce.pb.gov.br\/portalprimeirainfancia\/wp-content\/uploads\/photo-gallery\/thumb\/WhatsApp-Image-2025-07-17-at-09.50.42-1.jpeg?bwg=1753099783\"                       src=\"https:\/\/tce.pb.gov.br\/portalprimeirainfancia\/wp-content\/uploads\/photo-gallery\/thumb\/WhatsApp-Image-2025-07-17-at-09.50.42-1.jpeg?bwg=1753099783\"                       alt=\"Curso Elabora\u00e7\u00e3o e Aprimoramento de Planos Municipais para Primeira Inf\u00e2ncia - Sum\u00e9\"                       title=\"Curso Elabora\u00e7\u00e3o e Aprimoramento de Planos Municipais para Primeira Inf\u00e2ncia - Sum\u00e9\" \/>                <\/div>                <div class=\"\">                                  <\/div>              <\/div>            <\/div>            <div class=\"bwg-title1\"><div class=\"bwg-title2\">Curso Elabora\u00e7\u00e3o e Aprimoramento de Planos Municipais para Primeira Inf\u00e2ncia - Sum\u00e9<\/div><\/div>          <\/a>        <\/div>                <div class=\"bwg-item\">          <a class=\"bwg-a bwg-album bwg_album_0\"             href='\/portalprimeirainfancia\/wp-json\/wp\/v2\/pages\/14?type_0=gallery&#038;album_gallery_id_0=23'                          data-container_id=\"bwg_album_compact_0\"             data-def_type=\"gallery\"             data-album_gallery_id=\"1\"             data-alb_gal_id=\"23\"             data-title=\"Reuni\u00e3o - Parceria com UNICEF\"             data-bwg=\"0\">                        <div class=\"bwg-item0 \">              <div class=\"bwg-item1 \">                <div class=\"bwg-item2\">                  <img decoding=\"async\" class=\"skip-lazy \"                       data-width=\"1200.00\"                       data-height=\"800.00\"                       data-src=\"https:\/\/tce.pb.gov.br\/portalprimeirainfancia\/wp-content\/uploads\/photo-gallery\/thumb\/UNICEF-01-38.jpg?bwg=1752058803\"                       src=\"https:\/\/tce.pb.gov.br\/portalprimeirainfancia\/wp-content\/uploads\/photo-gallery\/thumb\/UNICEF-01-38.jpg?bwg=1752058803\"                       alt=\"Reuni\u00e3o - Parceria com UNICEF\"                       title=\"Reuni\u00e3o - Parceria com UNICEF\" \/>                <\/div>                <div class=\"\">                                  <\/div>              <\/div>            <\/div>            <div class=\"bwg-title1\"><div class=\"bwg-title2\">Reuni\u00e3o - Parceria com UNICEF<\/div><\/div>          <\/a>        <\/div>                <div class=\"bwg-item\">          <a class=\"bwg-a bwg-album bwg_album_0\"             href='\/portalprimeirainfancia\/wp-json\/wp\/v2\/pages\/14?type_0=gallery&#038;album_gallery_id_0=22'                          data-container_id=\"bwg_album_compact_0\"             data-def_type=\"gallery\"             data-album_gallery_id=\"1\"             data-alb_gal_id=\"22\"             data-title=\"Treinamento PPA e LOA com foco na Primeira Inf\u00e2ncia - Campina Grande\"             data-bwg=\"0\">                        <div class=\"bwg-item0 \">              <div class=\"bwg-item1 \">                <div class=\"bwg-item2\">                  <img decoding=\"async\" class=\"skip-lazy \"                       data-width=\"1200.00\"                       data-height=\"800.00\"                       data-src=\"https:\/\/tce.pb.gov.br\/portalprimeirainfancia\/wp-content\/uploads\/photo-gallery\/thumb\/MG_4141.jpg?bwg=1748517463\"                       src=\"https:\/\/tce.pb.gov.br\/portalprimeirainfancia\/wp-content\/uploads\/photo-gallery\/thumb\/MG_4141.jpg?bwg=1748517463\"                       alt=\"Treinamento PPA e LOA com foco na Primeira Inf\u00e2ncia - Campina Grande\"                       title=\"Treinamento PPA e LOA com foco na Primeira Inf\u00e2ncia - Campina Grande\" \/>                <\/div>                <div class=\"\">                                  <\/div>              <\/div>            <\/div>            <div class=\"bwg-title1\"><div class=\"bwg-title2\">Treinamento PPA e LOA com foco na Primeira Inf\u00e2ncia - Campina Grande<\/div><\/div>          <\/a>        <\/div>                <div class=\"bwg-item\">          <a class=\"bwg-a bwg-album bwg_album_0\"             href='\/portalprimeirainfancia\/wp-json\/wp\/v2\/pages\/14?type_0=gallery&#038;album_gallery_id_0=20'                          data-container_id=\"bwg_album_compact_0\"             data-def_type=\"gallery\"             data-album_gallery_id=\"1\"             data-alb_gal_id=\"20\"             data-title=\"Treinamento PPA e LOA com foco na Primeira Inf\u00e2ncia - Patos\"             data-bwg=\"0\">                        <div class=\"bwg-item0 \">              <div class=\"bwg-item1 \">                <div class=\"bwg-item2\">                  <img decoding=\"async\" class=\"skip-lazy \"                       data-width=\"1200.00\"                       data-height=\"900.00\"                       data-src=\"https:\/\/tce.pb.gov.br\/portalprimeirainfancia\/wp-content\/uploads\/photo-gallery\/thumb\/WhatsApp-Image-2025-05-14-at-11.27.25-3.jpeg?bwg=1747235048\"                       src=\"https:\/\/tce.pb.gov.br\/portalprimeirainfancia\/wp-content\/uploads\/photo-gallery\/thumb\/WhatsApp-Image-2025-05-14-at-11.27.25-3.jpeg?bwg=1747235048\"                       alt=\"Treinamento PPA e LOA com foco na Primeira Inf\u00e2ncia - Patos\"                       title=\"Treinamento PPA e LOA com foco na Primeira Inf\u00e2ncia - Patos\" \/>                <\/div>                <div class=\"\">                                  <\/div>              <\/div>            <\/div>            <div class=\"bwg-title1\"><div class=\"bwg-title2\">Treinamento PPA e LOA com foco na Primeira Inf\u00e2ncia - Patos<\/div><\/div>          <\/a>        <\/div>                <div class=\"bwg-item\">          <a class=\"bwg-a bwg-album bwg_album_0\"             href='\/portalprimeirainfancia\/wp-json\/wp\/v2\/pages\/14?type_0=gallery&#038;album_gallery_id_0=19'                          data-container_id=\"bwg_album_compact_0\"             data-def_type=\"gallery\"             data-album_gallery_id=\"1\"             data-alb_gal_id=\"19\"             data-title=\"Primeira reuni\u00e3o com signat\u00e1rios do Pacto Paraibano pela Primeira Inf\u00e2ncia\"             data-bwg=\"0\">                        <div class=\"bwg-item0 \">              <div class=\"bwg-item1 \">                <div class=\"bwg-item2\">                  <img decoding=\"async\" class=\"skip-lazy \"                       data-width=\"1200.00\"                       data-height=\"800.00\"                       data-src=\"https:\/\/tce.pb.gov.br\/portalprimeirainfancia\/wp-content\/uploads\/photo-gallery\/thumb\/MG_2176.jpg?bwg=1746790911\"                       src=\"https:\/\/tce.pb.gov.br\/portalprimeirainfancia\/wp-content\/uploads\/photo-gallery\/thumb\/MG_2176.jpg?bwg=1746790911\"                       alt=\"Primeira reuni\u00e3o com signat\u00e1rios do Pacto Paraibano pela Primeira Inf\u00e2ncia\"                       title=\"Primeira reuni\u00e3o com signat\u00e1rios do Pacto Paraibano pela Primeira Inf\u00e2ncia\" \/>                <\/div>                <div class=\"\">                                  <\/div>              <\/div>            <\/div>            <div class=\"bwg-title1\"><div class=\"bwg-title2\">Primeira reuni\u00e3o com signat\u00e1rios do Pacto Paraibano pela Primeira Inf\u00e2ncia<\/div><\/div>          <\/a>        <\/div>                <div class=\"bwg-item\">          <a class=\"bwg-a bwg-album bwg_album_0\"             href='\/portalprimeirainfancia\/wp-json\/wp\/v2\/pages\/14?type_0=gallery&#038;album_gallery_id_0=18'                          data-container_id=\"bwg_album_compact_0\"             data-def_type=\"gallery\"             data-album_gallery_id=\"1\"             data-alb_gal_id=\"18\"             data-title=\"Lan\u00e7amento Pacto Paraibano pela Primeira Inf\u00e2ncia\"             data-bwg=\"0\">                        <div class=\"bwg-item0 \">              <div class=\"bwg-item1 \">                <div class=\"bwg-item2\">                  <img decoding=\"async\" class=\"skip-lazy \"                       data-width=\"1200.00\"                       data-height=\"800.00\"                       data-src=\"https:\/\/tce.pb.gov.br\/portalprimeirainfancia\/wp-content\/uploads\/photo-gallery\/thumb\/Lancamento-Pacto-116.jpg?bwg=1745931895\"                       src=\"https:\/\/tce.pb.gov.br\/portalprimeirainfancia\/wp-content\/uploads\/photo-gallery\/thumb\/Lancamento-Pacto-116.jpg?bwg=1745931895\"                       alt=\"Lan\u00e7amento Pacto Paraibano pela Primeira Inf\u00e2ncia\"                       title=\"Lan\u00e7amento Pacto Paraibano pela Primeira Inf\u00e2ncia\" \/>                <\/div>                <div class=\"\">                                  <\/div>              <\/div>            <\/div>            <div class=\"bwg-title1\"><div class=\"bwg-title2\">Lan\u00e7amento Pacto Paraibano pela Primeira Inf\u00e2ncia<\/div><\/div>          <\/a>        <\/div>                <div class=\"bwg-item\">          <a class=\"bwg-a bwg-album bwg_album_0\"             href='\/portalprimeirainfancia\/wp-json\/wp\/v2\/pages\/14?type_0=gallery&#038;album_gallery_id_0=17'                          data-container_id=\"bwg_album_compact_0\"             data-def_type=\"gallery\"             data-album_gallery_id=\"1\"             data-alb_gal_id=\"17\"             data-title=\"Reuni\u00e3o com representantes da Famup\"             data-bwg=\"0\">                        <div class=\"bwg-item0 \">              <div class=\"bwg-item1 \">                <div class=\"bwg-item2\">                  <img decoding=\"async\" class=\"skip-lazy \"                       data-width=\"1200.00\"                       data-height=\"800.00\"                       data-src=\"https:\/\/tce.pb.gov.br\/portalprimeirainfancia\/wp-content\/uploads\/photo-gallery\/thumb\/493260785_605969229142747_548530744149386856_n.jpg?bwg=1745453404\"                       src=\"https:\/\/tce.pb.gov.br\/portalprimeirainfancia\/wp-content\/uploads\/photo-gallery\/thumb\/493260785_605969229142747_548530744149386856_n.jpg?bwg=1745453404\"                       alt=\"Reuni\u00e3o com representantes da Famup\"                       title=\"Reuni\u00e3o com representantes da Famup\" \/>                <\/div>                <div class=\"\">                                  <\/div>              <\/div>            <\/div>            <div class=\"bwg-title1\"><div class=\"bwg-title2\">Reuni\u00e3o com representantes da Famup<\/div><\/div>          <\/a>        <\/div>                <div class=\"bwg-item\">          <a class=\"bwg-a bwg-album bwg_album_0\"             href='\/portalprimeirainfancia\/wp-json\/wp\/v2\/pages\/14?type_0=gallery&#038;album_gallery_id_0=15'                          data-container_id=\"bwg_album_compact_0\"             data-def_type=\"gallery\"             data-album_gallery_id=\"1\"             data-alb_gal_id=\"15\"             data-title=\"Apresenta\u00e7\u00e3o Pacto Paraibano pela Primeira Inf\u00e2ncia a Secret\u00e1rios Municipais\"             data-bwg=\"0\">                        <div class=\"bwg-item0 \">              <div class=\"bwg-item1 \">                <div class=\"bwg-item2\">                  <img decoding=\"async\" class=\"skip-lazy \"                       data-width=\"1200.00\"                       data-height=\"800.00\"                       data-src=\"https:\/\/tce.pb.gov.br\/portalprimeirainfancia\/wp-content\/uploads\/photo-gallery\/thumb\/MG_8542.jpg?bwg=1744728799\"                       src=\"https:\/\/tce.pb.gov.br\/portalprimeirainfancia\/wp-content\/uploads\/photo-gallery\/thumb\/MG_8542.jpg?bwg=1744728799\"                       alt=\"Apresenta\u00e7\u00e3o Pacto Paraibano pela Primeira Inf\u00e2ncia a Secret\u00e1rios Municipais\"                       title=\"Apresenta\u00e7\u00e3o Pacto Paraibano pela Primeira Inf\u00e2ncia a Secret\u00e1rios Municipais\" \/>                <\/div>                <div class=\"\">                                  <\/div>              <\/div>            <\/div>            <div class=\"bwg-title1\"><div class=\"bwg-title2\">Apresenta\u00e7\u00e3o Pacto Paraibano pela Primeira Inf\u00e2ncia a Secret\u00e1rios Municipais<\/div><\/div>          <\/a>        <\/div>                <div class=\"bwg-item\">          <a class=\"bwg-a bwg-album bwg_album_0\"             href='\/portalprimeirainfancia\/wp-json\/wp\/v2\/pages\/14?type_0=gallery&#038;album_gallery_id_0=16'                          data-container_id=\"bwg_album_compact_0\"             data-def_type=\"gallery\"             data-album_gallery_id=\"1\"             data-alb_gal_id=\"16\"             data-title=\"Reuni\u00e3o com Secret\u00e1rio de Estado da Sa\u00fade\"             data-bwg=\"0\">                        <div class=\"bwg-item0 \">              <div class=\"bwg-item1 \">                <div class=\"bwg-item2\">                  <img decoding=\"async\" class=\"skip-lazy \"                       data-width=\"1200.00\"                       data-height=\"800.00\"                       data-src=\"https:\/\/tce.pb.gov.br\/portalprimeirainfancia\/wp-content\/uploads\/photo-gallery\/thumb\/MG_8387.jpg?bwg=1744729457\"                       src=\"https:\/\/tce.pb.gov.br\/portalprimeirainfancia\/wp-content\/uploads\/photo-gallery\/thumb\/MG_8387.jpg?bwg=1744729457\"                       alt=\"Reuni\u00e3o com Secret\u00e1rio de Estado da Sa\u00fade\"                       title=\"Reuni\u00e3o com Secret\u00e1rio de Estado da Sa\u00fade\" \/>                <\/div>                <div class=\"\">                                  <\/div>              <\/div>            <\/div>            <div class=\"bwg-title1\"><div class=\"bwg-title2\">Reuni\u00e3o com Secret\u00e1rio de Estado da Sa\u00fade<\/div><\/div>          <\/a>        <\/div>                <div class=\"bwg-item\">          <a class=\"bwg-a bwg-album bwg_album_0\"             href='\/portalprimeirainfancia\/wp-json\/wp\/v2\/pages\/14?type_0=gallery&#038;album_gallery_id_0=13'                          data-container_id=\"bwg_album_compact_0\"             data-def_type=\"gallery\"             data-album_gallery_id=\"1\"             data-alb_gal_id=\"13\"             data-title=\"Semin\u00e1rio Estrat\u00e9gia Brasil\"             data-bwg=\"0\">                        <div class=\"bwg-item0 \">              <div class=\"bwg-item1 \">                <div class=\"bwg-item2\">                  <img decoding=\"async\" class=\"skip-lazy \"                       data-width=\"1200.00\"                       data-height=\"800.00\"                       data-src=\"https:\/\/tce.pb.gov.br\/portalprimeirainfancia\/wp-content\/uploads\/photo-gallery\/thumb\/MG_8046.jpg?bwg=1744727014\"                       src=\"https:\/\/tce.pb.gov.br\/portalprimeirainfancia\/wp-content\/uploads\/photo-gallery\/thumb\/MG_8046.jpg?bwg=1744727014\"                       alt=\"Semin\u00e1rio Estrat\u00e9gia Brasil\"                       title=\"Semin\u00e1rio Estrat\u00e9gia Brasil\" \/>                <\/div>                <div class=\"\">                                  <\/div>              <\/div>            <\/div>            <div class=\"bwg-title1\"><div class=\"bwg-title2\">Semin\u00e1rio Estrat\u00e9gia Brasil<\/div><\/div>          <\/a>        <\/div>                <div class=\"bwg-item\">          <a class=\"bwg-a bwg-album bwg_album_0\"             href='\/portalprimeirainfancia\/wp-json\/wp\/v2\/pages\/14?type_0=gallery&#038;album_gallery_id_0=12'                          data-container_id=\"bwg_album_compact_0\"             data-def_type=\"gallery\"             data-album_gallery_id=\"1\"             data-alb_gal_id=\"12\"             data-title=\"Reuni\u00e3o com Secret\u00e1rio de Estado da Educa\u00e7\u00e3o\"             data-bwg=\"0\">                        <div class=\"bwg-item0 \">              <div class=\"bwg-item1 \">                <div class=\"bwg-item2\">                  <img decoding=\"async\" class=\"skip-lazy \"                       data-width=\"1200.00\"                       data-height=\"800.00\"                       data-src=\"https:\/\/tce.pb.gov.br\/portalprimeirainfancia\/wp-content\/uploads\/photo-gallery\/thumb\/MG_7822.jpg?bwg=1744726578\"                       src=\"https:\/\/tce.pb.gov.br\/portalprimeirainfancia\/wp-content\/uploads\/photo-gallery\/thumb\/MG_7822.jpg?bwg=1744726578\"                       alt=\"Reuni\u00e3o com Secret\u00e1rio de Estado da Educa\u00e7\u00e3o\"                       title=\"Reuni\u00e3o com Secret\u00e1rio de Estado da Educa\u00e7\u00e3o\" \/>                <\/div>                <div class=\"\">                                  <\/div>              <\/div>            <\/div>            <div class=\"bwg-title1\"><div class=\"bwg-title2\">Reuni\u00e3o com Secret\u00e1rio de Estado da Educa\u00e7\u00e3o<\/div><\/div>          <\/a>        <\/div>                <div class=\"bwg-item\">          <a class=\"bwg-a bwg-album bwg_album_0\"             href='\/portalprimeirainfancia\/wp-json\/wp\/v2\/pages\/14?type_0=gallery&#038;album_gallery_id_0=11'                          data-container_id=\"bwg_album_compact_0\"             data-def_type=\"gallery\"             data-album_gallery_id=\"1\"             data-alb_gal_id=\"11\"             data-title=\"Reuni\u00e3o com Defensoria P\u00fablica do Estado da Para\u00edba\"             data-bwg=\"0\">                        <div class=\"bwg-item0 \">              <div class=\"bwg-item1 \">                <div class=\"bwg-item2\">                  <img decoding=\"async\" class=\"skip-lazy \"                       data-width=\"1200.00\"                       data-height=\"800.00\"                       data-src=\"https:\/\/tce.pb.gov.br\/portalprimeirainfancia\/wp-content\/uploads\/photo-gallery\/thumb\/482271876_589896784083325_1880220958309611619_n.jpg?bwg=1744726250\"                       src=\"https:\/\/tce.pb.gov.br\/portalprimeirainfancia\/wp-content\/uploads\/photo-gallery\/thumb\/482271876_589896784083325_1880220958309611619_n.jpg?bwg=1744726250\"                       alt=\"Reuni\u00e3o com Defensoria P\u00fablica do Estado da Para\u00edba\"                       title=\"Reuni\u00e3o com Defensoria P\u00fablica do Estado da Para\u00edba\" \/>                <\/div>                <div class=\"\">                                  <\/div>              <\/div>            <\/div>            <div class=\"bwg-title1\"><div class=\"bwg-title2\">Reuni\u00e3o com Defensoria P\u00fablica do Estado da Para\u00edba<\/div><\/div>          <\/a>        <\/div>                <div class=\"bwg-item\">          <a class=\"bwg-a bwg-album bwg_album_0\"             href='\/portalprimeirainfancia\/wp-json\/wp\/v2\/pages\/14?type_0=gallery&#038;album_gallery_id_0=5'                          data-container_id=\"bwg_album_compact_0\"             data-def_type=\"gallery\"             data-album_gallery_id=\"1\"             data-alb_gal_id=\"5\"             data-title=\"Curso Primeira Inf\u00e2ncia no Contexto da LDO - Jo\u00e3o Pessoa\"             data-bwg=\"0\">                        <div class=\"bwg-item0 \">              <div class=\"bwg-item1 \">                <div class=\"bwg-item2\">                  <img decoding=\"async\" class=\"skip-lazy \"                       data-width=\"1200.00\"                       data-height=\"798.00\"                       data-src=\"https:\/\/tce.pb.gov.br\/portalprimeirainfancia\/wp-content\/uploads\/photo-gallery\/thumb\/DSC_0487.jpg?bwg=1744384613\"                       src=\"https:\/\/tce.pb.gov.br\/portalprimeirainfancia\/wp-content\/uploads\/photo-gallery\/thumb\/DSC_0487.jpg?bwg=1744384613\"                       alt=\"Curso Primeira Inf\u00e2ncia no Contexto da LDO - Jo\u00e3o Pessoa\"                       title=\"Curso Primeira Inf\u00e2ncia no Contexto da LDO - Jo\u00e3o Pessoa\" \/>                <\/div>                <div class=\"\">                                  <\/div>              <\/div>            <\/div>            <div class=\"bwg-title1\"><div class=\"bwg-title2\">Curso Primeira Inf\u00e2ncia no Contexto da LDO - Jo\u00e3o Pessoa<\/div><\/div>          <\/a>        <\/div>                <div class=\"bwg-item\">          <a class=\"bwg-a bwg-album bwg_album_0\"             href='\/portalprimeirainfancia\/wp-json\/wp\/v2\/pages\/14?type_0=gallery&#038;album_gallery_id_0=2'                          data-container_id=\"bwg_album_compact_0\"             data-def_type=\"gallery\"             data-album_gallery_id=\"1\"             data-alb_gal_id=\"2\"             data-title=\"Curso Primeira Inf\u00e2ncia no Contexto da LDO - Campina Grande\"             data-bwg=\"0\">                        <div class=\"bwg-item0 \">              <div class=\"bwg-item1 \">                <div class=\"bwg-item2\">                  <img decoding=\"async\" class=\"skip-lazy \"                       data-width=\"1200.00\"                       data-height=\"800.00\"                       data-src=\"https:\/\/tce.pb.gov.br\/portalprimeirainfancia\/wp-content\/uploads\/photo-gallery\/thumb\/486808030_585159974557006_343040107060121800_n.jpg?bwg=1744025462\"                       src=\"https:\/\/tce.pb.gov.br\/portalprimeirainfancia\/wp-content\/uploads\/photo-gallery\/thumb\/486808030_585159974557006_343040107060121800_n.jpg?bwg=1744025462\"                       alt=\"Curso Primeira Inf\u00e2ncia no Contexto da LDO - Campina Grande\"                       title=\"Curso Primeira Inf\u00e2ncia no Contexto da LDO - Campina Grande\" \/>                <\/div>                <div class=\"\">                                  <\/div>              <\/div>            <\/div>            <div class=\"bwg-title1\"><div class=\"bwg-title2\">Curso Primeira Inf\u00e2ncia no Contexto da LDO - Campina Grande<\/div><\/div>          <\/a>        <\/div>                <div class=\"bwg-item\">          <a class=\"bwg-a bwg-album bwg_album_0\"             href='\/portalprimeirainfancia\/wp-json\/wp\/v2\/pages\/14?type_0=gallery&#038;album_gallery_id_0=4'                          data-container_id=\"bwg_album_compact_0\"             data-def_type=\"gallery\"             data-album_gallery_id=\"1\"             data-alb_gal_id=\"4\"             data-title=\"Curso Primeira Inf\u00e2ncia no Contexto da LDO - Patos\"             data-bwg=\"0\">                        <div class=\"bwg-item0 \">              <div class=\"bwg-item1 \">                <div class=\"bwg-item2\">                  <img decoding=\"async\" class=\"skip-lazy \"                       data-width=\"1200.00\"                       data-height=\"1084.80\"                       data-src=\"https:\/\/tce.pb.gov.br\/portalprimeirainfancia\/wp-content\/uploads\/photo-gallery\/thumb\/WhatsApp-Image-2025-03-27-at-10.44.36-1.jpeg?bwg=1744384259\"                       src=\"https:\/\/tce.pb.gov.br\/portalprimeirainfancia\/wp-content\/uploads\/photo-gallery\/thumb\/WhatsApp-Image-2025-03-27-at-10.44.36-1.jpeg?bwg=1744384259\"                       alt=\"Curso Primeira Inf\u00e2ncia no Contexto da LDO - Patos\"                       title=\"Curso Primeira Inf\u00e2ncia no Contexto da LDO - Patos\" \/>                <\/div>                <div class=\"\">                                  <\/div>              <\/div>            <\/div>            <div class=\"bwg-title1\"><div class=\"bwg-title2\">Curso Primeira Inf\u00e2ncia no Contexto da LDO - Patos<\/div><\/div>          <\/a>        <\/div>                <div class=\"bwg-item\">          <a class=\"bwg-a bwg-album bwg_album_0\"             href='\/portalprimeirainfancia\/wp-json\/wp\/v2\/pages\/14?type_0=gallery&#038;album_gallery_id_0=14'                          data-container_id=\"bwg_album_compact_0\"             data-def_type=\"gallery\"             data-album_gallery_id=\"1\"             data-alb_gal_id=\"14\"             data-title=\"Auditoria Coordenada Educa\u00e7\u00e3o Infantil\"             data-bwg=\"0\">                        <div class=\"bwg-item0 \">              <div class=\"bwg-item1 \">                <div class=\"bwg-item2\">                  <img decoding=\"async\" class=\"skip-lazy \"                       data-width=\"1200.00\"                       data-height=\"800.00\"                       data-src=\"https:\/\/tce.pb.gov.br\/portalprimeirainfancia\/wp-content\/uploads\/photo-gallery\/thumb\/MG_6381.jpg?bwg=1744727617\"                       src=\"https:\/\/tce.pb.gov.br\/portalprimeirainfancia\/wp-content\/uploads\/photo-gallery\/thumb\/MG_6381.jpg?bwg=1744727617\"                       alt=\"Auditoria Coordenada Educa\u00e7\u00e3o Infantil\"                       title=\"Auditoria Coordenada Educa\u00e7\u00e3o Infantil\" \/>                <\/div>                <div class=\"\">                                  <\/div>              <\/div>            <\/div>            <div class=\"bwg-title1\"><div class=\"bwg-title2\">Auditoria Coordenada Educa\u00e7\u00e3o Infantil<\/div><\/div>          <\/a>        <\/div>                <div class=\"bwg-item\">          <a class=\"bwg-a bwg-album bwg_album_0\"             href='\/portalprimeirainfancia\/wp-json\/wp\/v2\/pages\/14?type_0=gallery&#038;album_gallery_id_0=8'                          data-container_id=\"bwg_album_compact_0\"             data-def_type=\"gallery\"             data-album_gallery_id=\"1\"             data-alb_gal_id=\"8\"             data-title=\"Reuni\u00e3o com representantes das Universidades da Para\u00edba\"             data-bwg=\"0\">                        <div class=\"bwg-item0 \">              <div class=\"bwg-item1 \">                <div class=\"bwg-item2\">                  <img decoding=\"async\" class=\"skip-lazy \"                       data-width=\"1200.00\"                       data-height=\"800.00\"                       data-src=\"https:\/\/tce.pb.gov.br\/portalprimeirainfancia\/wp-content\/uploads\/photo-gallery\/thumb\/486654761_583770984695905_6283604669087329820_n.jpg?bwg=1744724484\"                       src=\"https:\/\/tce.pb.gov.br\/portalprimeirainfancia\/wp-content\/uploads\/photo-gallery\/thumb\/486654761_583770984695905_6283604669087329820_n.jpg?bwg=1744724484\"                       alt=\"Reuni\u00e3o com representantes das Universidades da Para\u00edba\"                       title=\"Reuni\u00e3o com representantes das Universidades da Para\u00edba\" \/>                <\/div>                <div class=\"\">                                  <\/div>              <\/div>            <\/div>            <div class=\"bwg-title1\"><div class=\"bwg-title2\">Reuni\u00e3o com representantes das Universidades da Para\u00edba<\/div><\/div>          <\/a>        <\/div>                <div class=\"bwg-item\">          <a class=\"bwg-a bwg-album bwg_album_0\"             href='\/portalprimeirainfancia\/wp-json\/wp\/v2\/pages\/14?type_0=gallery&#038;album_gallery_id_0=9'                          data-container_id=\"bwg_album_compact_0\"             data-def_type=\"gallery\"             data-album_gallery_id=\"1\"             data-alb_gal_id=\"9\"             data-title=\"Reuni\u00e3o com a secret\u00e1ria de Estado do Desenvolvimento Humano da Para\u00edba\"             data-bwg=\"0\">                        <div class=\"bwg-item0 \">              <div class=\"bwg-item1 \">                <div class=\"bwg-item2\">                  <img decoding=\"async\" class=\"skip-lazy \"                       data-width=\"1200.00\"                       data-height=\"800.00\"                       data-src=\"https:\/\/tce.pb.gov.br\/portalprimeirainfancia\/wp-content\/uploads\/photo-gallery\/thumb\/486111819_583769228029414_5305859823340102360_n.jpg?bwg=1744724693\"                       src=\"https:\/\/tce.pb.gov.br\/portalprimeirainfancia\/wp-content\/uploads\/photo-gallery\/thumb\/486111819_583769228029414_5305859823340102360_n.jpg?bwg=1744724693\"                       alt=\"Reuni\u00e3o com a secret\u00e1ria de Estado do Desenvolvimento Humano da Para\u00edba\"                       title=\"Reuni\u00e3o com a secret\u00e1ria de Estado do Desenvolvimento Humano da Para\u00edba\" \/>                <\/div>                <div class=\"\">                                  <\/div>              <\/div>            <\/div>            <div class=\"bwg-title1\"><div class=\"bwg-title2\">Reuni\u00e3o com a secret\u00e1ria de Estado do Desenvolvimento Humano da Para\u00edba<\/div><\/div>          <\/a>        <\/div>                <div class=\"bwg-item\">          <a class=\"bwg-a bwg-album bwg_album_0\"             href='\/portalprimeirainfancia\/wp-json\/wp\/v2\/pages\/14?type_0=gallery&#038;album_gallery_id_0=10'                          data-container_id=\"bwg_album_compact_0\"             data-def_type=\"gallery\"             data-album_gallery_id=\"1\"             data-alb_gal_id=\"10\"             data-title=\"Palestra &quot;A Import\u00e2ncia da Primeira Inf\u00e2ncia e os Tribunais de Contas&quot;\"             data-bwg=\"0\">                        <div class=\"bwg-item0 \">              <div class=\"bwg-item1 \">                <div class=\"bwg-item2\">                  <img decoding=\"async\" class=\"skip-lazy \"                       data-width=\"1200.00\"                       data-height=\"800.00\"                       data-src=\"https:\/\/tce.pb.gov.br\/portalprimeirainfancia\/wp-content\/uploads\/photo-gallery\/thumb\/MG_5899.jpg?bwg=1744724861\"                       src=\"https:\/\/tce.pb.gov.br\/portalprimeirainfancia\/wp-content\/uploads\/photo-gallery\/thumb\/MG_5899.jpg?bwg=1744724861\"                       alt=\"Palestra &quot;A Import\u00e2ncia da Primeira Inf\u00e2ncia e os Tribunais de Contas&quot;\"                       title=\"Palestra &quot;A Import\u00e2ncia da Primeira Inf\u00e2ncia e os Tribunais de Contas&quot;\" \/>                <\/div>                <div class=\"\">                                  <\/div>              <\/div>            <\/div>            <div class=\"bwg-title1\"><div class=\"bwg-title2\">Palestra \"A Import\u00e2ncia da Primeira Inf\u00e2ncia e os Tribunais de Contas\"<\/div><\/div>          <\/a>        <\/div>                <div class=\"bwg-item\">          <a class=\"bwg-a bwg-album bwg_album_0\"             href='\/portalprimeirainfancia\/wp-json\/wp\/v2\/pages\/14?type_0=gallery&#038;album_gallery_id_0=7'                          data-container_id=\"bwg_album_compact_0\"             data-def_type=\"gallery\"             data-album_gallery_id=\"1\"             data-alb_gal_id=\"7\"             data-title=\"Encontro T\u00e9cnico com Prefeitos\"             data-bwg=\"0\">                        <div class=\"bwg-item0 \">              <div class=\"bwg-item1 \">                <div class=\"bwg-item2\">                  <img decoding=\"async\" class=\"skip-lazy \"                       data-width=\"1200.00\"                       data-height=\"798.00\"                       data-src=\"https:\/\/tce.pb.gov.br\/portalprimeirainfancia\/wp-content\/uploads\/photo-gallery\/thumb\/DSC_3356.jpg?bwg=1744721697\"                       src=\"https:\/\/tce.pb.gov.br\/portalprimeirainfancia\/wp-content\/uploads\/photo-gallery\/thumb\/DSC_3356.jpg?bwg=1744721697\"                       alt=\"Encontro T\u00e9cnico com Prefeitos\"                       title=\"Encontro T\u00e9cnico com Prefeitos\" \/>                <\/div>                <div class=\"\">                                  <\/div>              <\/div>            <\/div>            <div class=\"bwg-title1\"><div class=\"bwg-title2\">Encontro T\u00e9cnico com Prefeitos<\/div><\/div>          <\/a>        <\/div>            <\/div>          <input type=\"hidden\" id=\"bwg_album_breadcrumb_0\" name=\"bwg_album_breadcrumb_0\" value='[{&quot;id&quot;:&quot;1&quot;,&quot;page&quot;:1}]' \/>    <style>      \/*pagination styles*\/      #bwg_container1_0 #bwg_container2_0 .tablenav-pages_0 {\t\t\t\ttext-align: center;\t\t\t\tfont-size: 12px;\t\t\t\tfont-family: Ubuntu;\t\t\t\tfont-weight: bold;\t\t\t\tcolor: #666666;\t\t\t\tmargin: 6px 0 4px;\t\t\t\tdisplay: block;      }      @media only screen and (max-width : 320px) {      #bwg_container1_0 #bwg_container2_0 .displaying-num_0 {     \t display: none;      }      }      #bwg_container1_0 #bwg_container2_0 .displaying-num_0 {\t\t\t\tfont-size: 12px;\t\t\t\tfont-family: Ubuntu;\t\t\t\tfont-weight: bold;\t\t\t\tcolor: #666666;\t\t\t\tmargin-right: 10px;\t\t\t\tvertical-align: middle;      }      #bwg_container1_0 #bwg_container2_0 .paging-input_0 {\t\t\t\tfont-size: 12px;\t\t\t\tfont-family: Ubuntu;\t\t\t\tfont-weight: bold;\t\t\t\tcolor: #666666;\t\t\t\tvertical-align: middle;      }      #bwg_container1_0 #bwg_container2_0 .tablenav-pages_0 a.disabled,      #bwg_container1_0 #bwg_container2_0 .tablenav-pages_0 a.disabled:hover,      #bwg_container1_0 #bwg_container2_0 .tablenav-pages_0 a.disabled:focus,\t\t\t#bwg_container1_0 #bwg_container2_0 .tablenav-pages_0 input.bwg_current_page {\t\t\t\tcursor: default;\t\t\t\tcolor: rgba(102, 102, 102, 0.5);      }      #bwg_container1_0 #bwg_container2_0 .tablenav-pages_0 a,      #bwg_container1_0 #bwg_container2_0 .tablenav-pages_0 input.bwg_current_page {\t\t\t\tcursor: pointer;\t\t\t\ttext-align: center;\t\t\t\tfont-size: 12px;\t\t\t\tfont-family: Ubuntu;\t\t\t\tfont-weight: bold;\t\t\t\tcolor: #666666;\t\t\t\ttext-decoration: none;\t\t\t\tpadding: 3px 6px;\t\t\t\tmargin: 0;\t\t\t\tborder-radius: 0;\t\t\t\tborder-style: solid;\t\t\t\tborder-width: 1px;\t\t\t\tborder-color: #E3E3E3;\t\t\t\t\t\t\t\tbackground-color: rgba(255, 255, 255, 1.00);\t\t\t\tbox-shadow: 0;\t\t\t\ttransition: all 0.3s ease 0s;-webkit-transition: all 0.3s ease 0s;      }      <\/style>      <span class=\"bwg_nav_cont_0\">              <div class=\"tablenav-pages_0\">                      <span class=\"pagination-links_0 pagination-links\" data-pages-count=\"2\">              <span class=\"pagination-links_col1\">              <a class=\"bwg-a first-page disabled\" title=\"Go to the first page\" >\u00ab<\/a>              <a class=\"bwg-a prev-page disabled\" title=\"Go to the previous page\" >\u2039<\/a>              <\/span>\t\t\t\t\t\t\t<span class=\"pagination-links_col2\">\t\t\t\t\t\t\t\t\t<input type=\"number\" class=\"bwg_current_page\" name=\"bwg_current_page\" value=\"1\" data-url-info=\"page_number_0\" onkeypress=\"return bwg_change_page_0(event, this)\" min=\"1\" oninput=\"validity.valid||(value='')\" \/>\t\t\t\t\t\t\t\t\t\tof\t\t\t\t\t\t\t\t\t\t<span class=\"total-pages_0\">\t\t\t\t\t\t\t\t\t\t\t2\t\t\t\t\t\t\t\t\t\t<\/span>\t\t\t\t\t\t\t<\/span>              <span class=\"pagination-links_col3\">                <a class=\"bwg-a next-page-0\" title=\"Go to the next page\" href=\"\/portalprimeirainfancia\/wp-json\/wp\/v2\/pages\/14?page_number_0=2\">\u203a<\/a>                <a class=\"bwg-a last-page-0\" title=\"Go to the last page\" href=\"\/portalprimeirainfancia\/wp-json\/wp\/v2\/pages\/14?page_number_0=2\">\u00bb<\/a>              <\/span>\t\t\t\t\t\t<\/span>\t\t\t\t\t\t        <\/div>                <input type=\"hidden\" id=\"page_number_0\" name=\"page_number_0\" value=\"1\" \/>      <script type=\"text\/javascript\">        if( jQuery('.bwg_nav_cont_0').length > 1 ) {          jQuery('.bwg_nav_cont_0').first().remove()        }        function spider_page_0(cur, x, y, load_more) {          if (typeof load_more == \"undefined\") {            var load_more = false;          }          if (jQuery(cur).hasClass('disabled')) {            return false;          }          var items_county_0 = 2;          switch (y) {            case 1:              if (x >= items_county_0) {                document.getElementById('page_number_0').value = items_county_0;              }              else {                document.getElementById('page_number_0').value = x + 1;              }              break;            case 2:              document.getElementById('page_number_0').value = items_county_0;              break;            case -1:              if (x == 1) {                document.getElementById('page_number_0').value = 1;              }              else {                document.getElementById('page_number_0').value = x - 1;              }              break;            case -2:              document.getElementById('page_number_0').value = 1;              break;\t\t\t\t\t\tcase 0:              document.getElementById('page_number_0').value = x;              break;            default:              document.getElementById('page_number_0').value = 1;          }          bwg_ajax('gal_front_form_0', '0', 'bwg_album_compact_0', '1', '', 'album', 0, '', '', load_more, '', 1);        }                    jQuery('.first-page disabled').on('click', function () {              spider_page_0(this, 1, -2, 'numeric');              return false;            });            jQuery('.prev-page disabled').on('click', function () {              spider_page_0(this, 1, -1, 'numeric');              return false;            });            jQuery('.next-page-0').on('click', function () {              spider_page_0(this, 1, 1, 'numeric');              return false;            });            jQuery('.last-page-0').on('click', function () {              spider_page_0(this, 1, 2, 'numeric');              return false;            });        \t\t\t\t\/* Change page on input enter. *\/        function bwg_change_page_0( e, that ) {          if (  e.key == 'Enter' ) {            var to_page = parseInt(jQuery(that).val());            var pages_count = jQuery(that).parents(\".pagination-links\").data(\"pages-count\");            var current_url_param = jQuery(that).attr('data-url-info');            if (to_page > pages_count) {              to_page = 1;            }\t \t\t\t\t\t\t\t\t\t\t\t\tspider_page_0(this, to_page, 0, 'numeric');\t\t\t\t\t\t\treturn false;\t\t\t\t\t\t          }          return true;        }        jQuery('.bwg_load_btn_0').on('click', function () {            spider_page_0(this, 1, 1, true);            return false;        });      <\/script>      <\/span>                <\/div>        <\/form>        <style>          #bwg_container1_0 #bwg_container2_0 #spider_popup_overlay_0 {          background-color: #FFFFFF;          opacity: 0.60;          }          <\/style>        <div id=\"bwg_spider_popup_loading_0\" class=\"bwg_spider_popup_loading\"><\/div>        <div id=\"spider_popup_overlay_0\" class=\"spider_popup_overlay\" onclick=\"spider_destroypopup(1000)\"><\/div>        <input type=\"hidden\" id=\"bwg_random_seed_0\" value=\"1862289261\">                <\/div>    <\/div>    <script>      if (document.readyState === 'complete') {        if( typeof bwg_main_ready == 'function' ) {          if ( jQuery(\"#bwg_container1_0\").height() ) {            bwg_main_ready(jQuery(\"#bwg_container1_0\"));          }        }      } else {        document.addEventListener('DOMContentLoaded', function() {          if( typeof bwg_main_ready == 'function' ) {            if ( jQuery(\"#bwg_container1_0\").height() ) {             bwg_main_ready(jQuery(\"#bwg_container1_0\"));            }          }        });      }    <\/script>    \t\t\t\t<\/div>\n\t\t\t\t<\/div>\n\t\t\t\t\t<\/div>\n\t\t\t\t<\/div>\n\t\t\t\t<\/div>\n\t\t","protected":false},"excerpt":{"rendered":"<p>Memorial Pacto Paraibano pela Primeira Inf\u00e2ncia Apresenta\u00e7\u00e3o Pacto Paraibano pela Primeira Inf\u00e2ncia a Secret\u00e1rios Municipais Reuni\u00e3o com Secret\u00e1rio de Estado [&hellip;]<\/p>\n","protected":false},"author":6,"featured_media":0,"parent":0,"menu_order":0,"comment_status":"closed","ping_status":"closed","template":"","meta":{"site-sidebar-layout":"default","site-content-layout":"","ast-site-content-layout":"","site-content-style":"default","site-sidebar-style":"default","ast-global-header-display":"","ast-banner-title-visibility":"","ast-main-header-display":"","ast-hfb-above-header-display":"","ast-hfb-below-header-display":"","ast-hfb-mobile-header-display":"","site-post-title":"","ast-breadcrumbs-content":"","ast-featured-img":"","footer-sml-layout":"","theme-transparent-header-meta":"","adv-header-id-meta":"","stick-header-meta":"","header-above-stick-meta":"","header-main-stick-meta":"","header-below-stick-meta":"","astra-migrate-meta-layouts":"default","ast-page-background-enabled":"default","ast-page-background-meta":{"desktop":{"background-color":"var(--ast-global-color-5)","background-image":"","background-repeat":"repeat","background-position":"center center","background-size":"auto","background-attachment":"scroll","background-type":"","background-media":"","overlay-type":"","overlay-color":"","overlay-opacity":"","overlay-gradient":""},"tablet":{"background-color":"","background-image":"","background-repeat":"repeat","background-position":"center center","background-size":"auto","background-attachment":"scroll","background-type":"","background-media":"","overlay-type":"","overlay-color":"","overlay-opacity":"","overlay-gradient":""},"mobile":{"background-color":"","background-image":"","background-repeat":"repeat","background-position":"center center","background-size":"auto","background-attachment":"scroll","background-type":"","background-media":"","overlay-type":"","overlay-color":"","overlay-opacity":"","overlay-gradient":""}},"ast-content-background-meta":{"desktop":{"background-color":"var(--ast-global-color-4)","background-image":"","background-repeat":"repeat","background-position":"center center","background-size":"auto","background-attachment":"scroll","background-type":"","background-media":"","overlay-type":"","overlay-color":"","overlay-opacity":"","overlay-gradient":""},"tablet":{"background-color":"var(--ast-global-color-4)","background-image":"","background-repeat":"repeat","background-position":"center center","background-size":"auto","background-attachment":"scroll","background-type":"","background-media":"","overlay-type":"","overlay-color":"","overlay-opacity":"","overlay-gradient":""},"mobile":{"background-color":"var(--ast-global-color-4)","background-image":"","background-repeat":"repeat","background-position":"center center","background-size":"auto","background-attachment":"scroll","background-type":"","background-media":"","overlay-type":"","overlay-color":"","overlay-opacity":"","overlay-gradient":""}},"footnotes":""},"class_list":["post-14","page","type-page","status-publish","hentry"],"yoast_head":"<!-- This site is optimized with the Yoast SEO plugin v27.5 - https:\/\/yoast.com\/product\/yoast-seo-wordpress\/ -->\n<title>Galeria - Pacto Paraibano pela Primeira Inf\u00e2ncia<\/title>\n<meta name=\"description\" content=\"Galeria de fotos das atividades relacionadas ao Pacto Paraibano pela Primeira Inf\u00e2ncia\" \/>\n<meta name=\"robots\" content=\"index, follow, max-snippet:-1, max-image-preview:large, max-video-preview:-1\" \/>\n<link rel=\"canonical\" href=\"https:\/\/tce.pb.gov.br\/portalprimeirainfancia\/fotos\/\" \/>\n<meta property=\"og:locale\" content=\"pt_BR\" \/>\n<meta property=\"og:type\" content=\"article\" \/>\n<meta property=\"og:title\" content=\"Galeria de Fotos do Pacto Paraibano pela Primeira Inf\u00e2ncia - TCE-PB\" \/>\n<meta property=\"og:description\" content=\"Imagens das atividades relacionadas ao Pacto Paraibano pela Primeira Inf\u00e2ncia, iniciativa do Tribunal de Contas do Estado da Para\u00edba - TCE-PB\" \/>\n<meta property=\"og:url\" content=\"https:\/\/tce.pb.gov.br\/portalprimeirainfancia\/fotos\/\" \/>\n<meta property=\"og:site_name\" content=\"Pacto Paraibano pela Primeira Inf\u00e2ncia\" \/>\n<meta property=\"article:modified_time\" content=\"2025-07-07T14:34:56+00:00\" \/>\n<meta property=\"og:image\" content=\"https:\/\/tce.pb.gov.br\/portalprimeirainfancia\/wp-content\/uploads\/2025\/05\/Fundo-Portal-03.png\" \/>\n\t<meta property=\"og:image:width\" content=\"1920\" \/>\n\t<meta property=\"og:image:height\" content=\"1081\" \/>\n\t<meta property=\"og:image:type\" content=\"image\/png\" \/>\n<meta name=\"twitter:card\" content=\"summary_large_image\" \/>\n<meta name=\"twitter:label1\" content=\"Est. tempo de leitura\" \/>\n\t<meta name=\"twitter:data1\" content=\"1 minuto\" \/>\n<script type=\"application\/ld+json\" class=\"yoast-schema-graph\">{\"@context\":\"https:\\\/\\\/schema.org\",\"@graph\":[{\"@type\":\"WebPage\",\"@id\":\"https:\\\/\\\/tce.pb.gov.br\\\/portalprimeirainfancia\\\/fotos\\\/\",\"url\":\"https:\\\/\\\/tce.pb.gov.br\\\/portalprimeirainfancia\\\/fotos\\\/\",\"name\":\"Galeria - Pacto Paraibano pela Primeira Inf\u00e2ncia\",\"isPartOf\":{\"@id\":\"https:\\\/\\\/tce.pb.gov.br\\\/portalprimeirainfancia\\\/#website\"},\"primaryImageOfPage\":{\"@id\":\"https:\\\/\\\/tce.pb.gov.br\\\/portalprimeirainfancia\\\/fotos\\\/#primaryimage\"},\"image\":{\"@id\":\"https:\\\/\\\/tce.pb.gov.br\\\/portalprimeirainfancia\\\/fotos\\\/#primaryimage\"},\"thumbnailUrl\":\"https:\\\/\\\/tce.pb.gov.br\\\/portalprimeirainfancia\\\/wp-content\\\/uploads\\\/photo-gallery\\\/thumb\\\/MG_8542.jpg?bwg=1744728799\",\"datePublished\":\"2025-03-28T11:55:22+00:00\",\"dateModified\":\"2025-07-07T14:34:56+00:00\",\"description\":\"Galeria de fotos das atividades relacionadas ao Pacto Paraibano pela Primeira Inf\u00e2ncia\",\"breadcrumb\":{\"@id\":\"https:\\\/\\\/tce.pb.gov.br\\\/portalprimeirainfancia\\\/fotos\\\/#breadcrumb\"},\"inLanguage\":\"pt-BR\",\"potentialAction\":[{\"@type\":\"ReadAction\",\"target\":[\"https:\\\/\\\/tce.pb.gov.br\\\/portalprimeirainfancia\\\/fotos\\\/\"]}]},{\"@type\":\"ImageObject\",\"inLanguage\":\"pt-BR\",\"@id\":\"https:\\\/\\\/tce.pb.gov.br\\\/portalprimeirainfancia\\\/fotos\\\/#primaryimage\",\"url\":\"https:\\\/\\\/tce.pb.gov.br\\\/portalprimeirainfancia\\\/wp-content\\\/uploads\\\/photo-gallery\\\/thumb\\\/MG_8542.jpg?bwg=1744728799\",\"contentUrl\":\"https:\\\/\\\/tce.pb.gov.br\\\/portalprimeirainfancia\\\/wp-content\\\/uploads\\\/photo-gallery\\\/thumb\\\/MG_8542.jpg?bwg=1744728799\"},{\"@type\":\"BreadcrumbList\",\"@id\":\"https:\\\/\\\/tce.pb.gov.br\\\/portalprimeirainfancia\\\/fotos\\\/#breadcrumb\",\"itemListElement\":[{\"@type\":\"ListItem\",\"position\":1,\"name\":\"In\u00edcio\",\"item\":\"https:\\\/\\\/tce.pb.gov.br\\\/portalprimeirainfancia\\\/\"},{\"@type\":\"ListItem\",\"position\":2,\"name\":\"Galeria\"}]},{\"@type\":\"WebSite\",\"@id\":\"https:\\\/\\\/tce.pb.gov.br\\\/portalprimeirainfancia\\\/#website\",\"url\":\"https:\\\/\\\/tce.pb.gov.br\\\/portalprimeirainfancia\\\/\",\"name\":\"Pacto Paraibano pela Primeira Inf\u00e2ncia\",\"description\":\"Portal para divulga\u00e7\u00e3o do Pacto Paraibano pela Primeira Inf\u00e2ncia\",\"publisher\":{\"@id\":\"https:\\\/\\\/tce.pb.gov.br\\\/portalprimeirainfancia\\\/#organization\"},\"potentialAction\":[{\"@type\":\"SearchAction\",\"target\":{\"@type\":\"EntryPoint\",\"urlTemplate\":\"https:\\\/\\\/tce.pb.gov.br\\\/portalprimeirainfancia\\\/?s={search_term_string}\"},\"query-input\":{\"@type\":\"PropertyValueSpecification\",\"valueRequired\":true,\"valueName\":\"search_term_string\"}}],\"inLanguage\":\"pt-BR\"},{\"@type\":\"Organization\",\"@id\":\"https:\\\/\\\/tce.pb.gov.br\\\/portalprimeirainfancia\\\/#organization\",\"name\":\"Pacto Paraibano pela Primeira Inf\u00e2ncia\",\"alternateName\":\"TCE-PB\",\"url\":\"https:\\\/\\\/tce.pb.gov.br\\\/portalprimeirainfancia\\\/\",\"logo\":{\"@type\":\"ImageObject\",\"inLanguage\":\"pt-BR\",\"@id\":\"https:\\\/\\\/tce.pb.gov.br\\\/portalprimeirainfancia\\\/#\\\/schema\\\/logo\\\/image\\\/\",\"url\":\"https:\\\/\\\/tce.pb.gov.br\\\/portalprimeirainfancia\\\/wp-content\\\/uploads\\\/2025\\\/05\\\/Pacto-Whatsapp.png\",\"contentUrl\":\"https:\\\/\\\/tce.pb.gov.br\\\/portalprimeirainfancia\\\/wp-content\\\/uploads\\\/2025\\\/05\\\/Pacto-Whatsapp.png\",\"width\":427,\"height\":427,\"caption\":\"Pacto Paraibano pela Primeira Inf\u00e2ncia\"},\"image\":{\"@id\":\"https:\\\/\\\/tce.pb.gov.br\\\/portalprimeirainfancia\\\/#\\\/schema\\\/logo\\\/image\\\/\"},\"sameAs\":[\"https:\\\/\\\/www.instagram.com\\\/tcepb\\\/\"]}]}<\/script>\n<!-- \/ Yoast SEO plugin. -->","yoast_head_json":{"title":"Galeria - Pacto Paraibano pela Primeira Inf\u00e2ncia","description":"Galeria de fotos das atividades relacionadas ao Pacto Paraibano pela Primeira Inf\u00e2ncia","robots":{"index":"index","follow":"follow","max-snippet":"max-snippet:-1","max-image-preview":"max-image-preview:large","max-video-preview":"max-video-preview:-1"},"canonical":"https:\/\/tce.pb.gov.br\/portalprimeirainfancia\/fotos\/","og_locale":"pt_BR","og_type":"article","og_title":"Galeria de Fotos do Pacto Paraibano pela Primeira Inf\u00e2ncia - TCE-PB","og_description":"Imagens das atividades relacionadas ao Pacto Paraibano pela Primeira Inf\u00e2ncia, iniciativa do Tribunal de Contas do Estado da Para\u00edba - TCE-PB","og_url":"https:\/\/tce.pb.gov.br\/portalprimeirainfancia\/fotos\/","og_site_name":"Pacto Paraibano pela Primeira Inf\u00e2ncia","article_modified_time":"2025-07-07T14:34:56+00:00","og_image":[{"width":1920,"height":1081,"url":"https:\/\/tce.pb.gov.br\/portalprimeirainfancia\/wp-content\/uploads\/2025\/05\/Fundo-Portal-03.png","type":"image\/png"}],"twitter_card":"summary_large_image","twitter_misc":{"Est. tempo de leitura":"1 minuto"},"schema":{"@context":"https:\/\/schema.org","@graph":[{"@type":"WebPage","@id":"https:\/\/tce.pb.gov.br\/portalprimeirainfancia\/fotos\/","url":"https:\/\/tce.pb.gov.br\/portalprimeirainfancia\/fotos\/","name":"Galeria - Pacto Paraibano pela Primeira Inf\u00e2ncia","isPartOf":{"@id":"https:\/\/tce.pb.gov.br\/portalprimeirainfancia\/#website"},"primaryImageOfPage":{"@id":"https:\/\/tce.pb.gov.br\/portalprimeirainfancia\/fotos\/#primaryimage"},"image":{"@id":"https:\/\/tce.pb.gov.br\/portalprimeirainfancia\/fotos\/#primaryimage"},"thumbnailUrl":"https:\/\/tce.pb.gov.br\/portalprimeirainfancia\/wp-content\/uploads\/photo-gallery\/thumb\/MG_8542.jpg?bwg=1744728799","datePublished":"2025-03-28T11:55:22+00:00","dateModified":"2025-07-07T14:34:56+00:00","description":"Galeria de fotos das atividades relacionadas ao Pacto Paraibano pela Primeira Inf\u00e2ncia","breadcrumb":{"@id":"https:\/\/tce.pb.gov.br\/portalprimeirainfancia\/fotos\/#breadcrumb"},"inLanguage":"pt-BR","potentialAction":[{"@type":"ReadAction","target":["https:\/\/tce.pb.gov.br\/portalprimeirainfancia\/fotos\/"]}]},{"@type":"ImageObject","inLanguage":"pt-BR","@id":"https:\/\/tce.pb.gov.br\/portalprimeirainfancia\/fotos\/#primaryimage","url":"https:\/\/tce.pb.gov.br\/portalprimeirainfancia\/wp-content\/uploads\/photo-gallery\/thumb\/MG_8542.jpg?bwg=1744728799","contentUrl":"https:\/\/tce.pb.gov.br\/portalprimeirainfancia\/wp-content\/uploads\/photo-gallery\/thumb\/MG_8542.jpg?bwg=1744728799"},{"@type":"BreadcrumbList","@id":"https:\/\/tce.pb.gov.br\/portalprimeirainfancia\/fotos\/#breadcrumb","itemListElement":[{"@type":"ListItem","position":1,"name":"In\u00edcio","item":"https:\/\/tce.pb.gov.br\/portalprimeirainfancia\/"},{"@type":"ListItem","position":2,"name":"Galeria"}]},{"@type":"WebSite","@id":"https:\/\/tce.pb.gov.br\/portalprimeirainfancia\/#website","url":"https:\/\/tce.pb.gov.br\/portalprimeirainfancia\/","name":"Pacto Paraibano pela Primeira Inf\u00e2ncia","description":"Portal para divulga\u00e7\u00e3o do Pacto Paraibano pela Primeira Inf\u00e2ncia","publisher":{"@id":"https:\/\/tce.pb.gov.br\/portalprimeirainfancia\/#organization"},"potentialAction":[{"@type":"SearchAction","target":{"@type":"EntryPoint","urlTemplate":"https:\/\/tce.pb.gov.br\/portalprimeirainfancia\/?s={search_term_string}"},"query-input":{"@type":"PropertyValueSpecification","valueRequired":true,"valueName":"search_term_string"}}],"inLanguage":"pt-BR"},{"@type":"Organization","@id":"https:\/\/tce.pb.gov.br\/portalprimeirainfancia\/#organization","name":"Pacto Paraibano pela Primeira Inf\u00e2ncia","alternateName":"TCE-PB","url":"https:\/\/tce.pb.gov.br\/portalprimeirainfancia\/","logo":{"@type":"ImageObject","inLanguage":"pt-BR","@id":"https:\/\/tce.pb.gov.br\/portalprimeirainfancia\/#\/schema\/logo\/image\/","url":"https:\/\/tce.pb.gov.br\/portalprimeirainfancia\/wp-content\/uploads\/2025\/05\/Pacto-Whatsapp.png","contentUrl":"https:\/\/tce.pb.gov.br\/portalprimeirainfancia\/wp-content\/uploads\/2025\/05\/Pacto-Whatsapp.png","width":427,"height":427,"caption":"Pacto Paraibano pela Primeira Inf\u00e2ncia"},"image":{"@id":"https:\/\/tce.pb.gov.br\/portalprimeirainfancia\/#\/schema\/logo\/image\/"},"sameAs":["https:\/\/www.instagram.com\/tcepb\/"]}]}},"jetpack_sharing_enabled":true,"_links":{"self":[{"href":"https:\/\/tce.pb.gov.br\/portalprimeirainfancia\/wp-json\/wp\/v2\/pages\/14","targetHints":{"allow":["GET"]}}],"collection":[{"href":"https:\/\/tce.pb.gov.br\/portalprimeirainfancia\/wp-json\/wp\/v2\/pages"}],"about":[{"href":"https:\/\/tce.pb.gov.br\/portalprimeirainfancia\/wp-json\/wp\/v2\/types\/page"}],"author":[{"embeddable":true,"href":"https:\/\/tce.pb.gov.br\/portalprimeirainfancia\/wp-json\/wp\/v2\/users\/6"}],"replies":[{"embeddable":true,"href":"https:\/\/tce.pb.gov.br\/portalprimeirainfancia\/wp-json\/wp\/v2\/comments?post=14"}],"version-history":[{"count":1,"href":"https:\/\/tce.pb.gov.br\/portalprimeirainfancia\/wp-json\/wp\/v2\/pages\/14\/revisions"}],"predecessor-version":[{"id":29319,"href":"https:\/\/tce.pb.gov.br\/portalprimeirainfancia\/wp-json\/wp\/v2\/pages\/14\/revisions\/29319"}],"wp:attachment":[{"href":"https:\/\/tce.pb.gov.br\/portalprimeirainfancia\/wp-json\/wp\/v2\/media?parent=14"}],"curies":[{"name":"wp","href":"https:\/\/api.w.org\/{rel}","templated":true}]}}